{"id":1036,"date":"2023-06-14T19:15:10","date_gmt":"2023-06-14T17:15:10","guid":{"rendered":"https:\/\/www.allgemeinarztpraxis.de\/?page_id=1036"},"modified":"2025-04-03T14:56:21","modified_gmt":"2025-04-03T12:56:21","slug":"impressum","status":"publish","type":"page","link":"https:\/\/www.allgemeinarztpraxis.de\/index.php\/impressum\/","title":{"rendered":"Impressum"},"content":{"rendered":"<p>[et_pb_section fb_built=&#8220;1&#8243; _builder_version=&#8220;4.19.4&#8243; _module_preset=&#8220;default&#8220; background_image=&#8220;https:\/\/www.allgemeinarztpraxis.de\/wp-content\/uploads\/2023\/06\/GP-78-Web-Greyscale_Wide.png&#8220; background_size=&#8220;custom&#8220; background_image_width=&#8220;74%&#8220; background_position=&#8220;top_right&#8220; custom_padding=&#8220;8vh||8vh||true|false&#8220; global_colors_info=&#8220;{}&#8220;][et_pb_row column_structure=&#8220;1_4,3_4&#8243; _builder_version=&#8220;4.19.4&#8243; _module_preset=&#8220;default&#8220; width=&#8220;100%&#8220; max_width=&#8220;100%&#8220; global_colors_info=&#8220;{}&#8220;][et_pb_column type=&#8220;1_4&#8243; disabled_on=&#8220;on|on|off&#8220; _builder_version=&#8220;4.19.4&#8243; _module_preset=&#8220;default&#8220; global_colors_info=&#8220;{}&#8220;][et_pb_image src=&#8220;https:\/\/www.allgemeinarztpraxis.de\/wp-content\/uploads\/2023\/06\/GP-78-Web-Holz_Large-Vertical-Regular.png&#8220; title_text=&#8220;GP 78 &#8211; Web &#8211; Holz_Large Vertical Regular&#8220; _builder_version=&#8220;4.19.4&#8243; _module_preset=&#8220;default&#8220; height=&#8220;50vh&#8220; border_radii=&#8220;off||10px|10px|&#8220; global_colors_info=&#8220;{}&#8220;][\/et_pb_image][\/et_pb_column][et_pb_column type=&#8220;3_4&#8243; _builder_version=&#8220;4.19.4&#8243; _module_preset=&#8220;default&#8220; custom_padding_tablet=&#8220;|||10%|false|false&#8220; custom_padding_phone=&#8220;|||10%|false|false&#8220; custom_padding_last_edited=&#8220;on|tablet&#8220; global_colors_info=&#8220;{}&#8220;][et_pb_text _builder_version=&#8220;4.21.0&#8243; _module_preset=&#8220;default&#8220; header_font=&#8220;Roboto|700|||||||&#8220; header_text_color=&#8220;#6ea4ca&#8220; header_font_size=&#8220;60px&#8220; header_line_height=&#8220;1.2em&#8220; width=&#8220;65%&#8220; width_tablet=&#8220;85%&#8220; width_phone=&#8220;85%&#8220; width_last_edited=&#8220;on|tablet&#8220; module_alignment=&#8220;left&#8220; custom_margin=&#8220;||8px|||&#8220; header_font_size_tablet=&#8220;60px&#8220; header_font_size_phone=&#8220;34px&#8220; header_font_size_last_edited=&#8220;on|phone&#8220; global_colors_info=&#8220;{}&#8220;]<\/p>\n<h1 class=\"et_pb_module_header et-fb-editable-element et-fb-editable-element__editing\" data-shortcode-id=\"0.0.1.0-1672931276855\" data-quickaccess-id=\"header\" contenteditable=\"true\">Impressum<\/h1>\n<p>[\/et_pb_text][et_pb_text content_last_edited=&#8220;off|tablet&#8220; _builder_version=&#8220;4.27.3&#8243; _module_preset=&#8220;default&#8220; text_font=&#8220;Roboto||||||||&#8220; text_text_color=&#8220;#565656&#8243; text_font_size=&#8220;20px&#8220; text_line_height=&#8220;1.5em&#8220; width=&#8220;65%&#8220; width_tablet=&#8220;85%&#8220; width_phone=&#8220;85%&#8220; width_last_edited=&#8220;on|tablet&#8220; max_width=&#8220;85%&#8220; hover_enabled=&#8220;0&#8243; text_font_size_tablet=&#8220;20px&#8220; text_font_size_phone=&#8220;14px&#8220; text_font_size_last_edited=&#8220;on|phone&#8220; global_colors_info=&#8220;{}&#8220; sticky_enabled=&#8220;0&#8243;]<\/p>\n<p>Angaben gem\u00e4\u00df \u00a7 5 TMG<\/p>\n<p><strong>Gemeinschaftspraxis 78<\/strong><br \/>Meppener Stra\u00dfe 78<br \/>49808 Lingen (Ems)<\/p>\n<p><strong>Vertreten durch<\/strong><br \/>Dr. Johannes Holland, Julia St\u00fcrmer, Irina Westhoff<br \/>Telefon: (0591) 14052370<br \/>E-Mail: <a href=\"mailto:mail@agmed.de\">mail@agmed.de<\/a><\/p>\n<p><strong>Haftungsausschluss<\/strong><br \/>Haftung f\u00fcr Inhalte<br \/>Die Inhalte unserer Seiten wurden mit gr\u00f6\u00dfter Sorgfalt erstellt. F\u00fcr die Richtigkeit, Vollst\u00e4ndigkeit und Aktualit\u00e4t der Inhalte k\u00f6nnen wir jedoch keine Gew\u00e4hr \u00fcbernehmen. Als Diensteanbieter sind wir gem\u00e4\u00df \u00a7 7 Abs.1 TMG f\u00fcr eigene Inhalte auf diesen Seiten nach den allgemeinen Gesetzen verantwortlich. Nach \u00a7\u00a7 8 bis 10 TMG sind wir als Diensteanbieter jedoch nicht verpflichtet, \u00fcbermittelte oder gespeicherte fremde Informationen zu \u00fcberwachen oder nach Umst\u00e4nden zu forschen, die auf eine rechtswidrige T\u00e4tigkeit hinweisen. Verpflichtungen zur Entfernung oder Sperrung der Nutzung von Informationen nach den allgemeinen Gesetzen bleiben hiervon unber\u00fchrt. Eine diesbez\u00fcgliche Haftung ist jedoch erst ab dem Zeitpunkt der Kenntnis einer konkreten Rechtsverletzung m\u00f6glich. Bei Bekanntwerden von entsprechenden Rechtsverletzungen werden wir diese Inhalte umgehend entfernen.<\/p>\n<p><strong>Urheberrecht<\/strong><br \/>Die durch die Seitenbetreiber erstellten Inhalte und Werke auf diesen Seiten unterliegen dem deutschen Urheberrecht. Die Vervielf\u00e4ltigung, Bearbeitung, Verbreitung und jede Art der Verwertung au\u00dferhalb der Grenzen des Urheberrechtes bed\u00fcrfen der schriftlichen Zustimmung des jeweiligen Autors bzw. Erstellers. Downloads und Kopien dieser Seite sind nur f\u00fcr den privaten, nicht kommerziellen Gebrauch gestattet. Soweit die Inhalte auf dieser Seite nicht vom Betreiber erstellt wurden, werden die Urheberrechte Dritter beachtet. Insbesondere werden Inhalte Dritter als solche gekennzeichnet. Sollten Sie trotzdem auf eine Urheberrechtsverletzung aufmerksam werden, bitten wir um einen entsprechenden Hinweis. Bei Bekanntwerden von Rechtsverletzungen werden wir derartige Inhalte umgehend entfernen.<\/p>\n<p><strong>Datenschutz<\/strong><br \/>Die Nutzung unserer Webseite ist in der Regel ohne Angabe personenbezogener Daten m\u00f6glich. Soweit auf unseren Seiten personenbezogene Daten (beispielsweise Name, Anschrift oder eMail-Adressen) erhoben werden, erfolgt dies, soweit m\u00f6glich, stets auf freiwilliger Basis. Diese Daten werden ohne Ihre ausdr\u00fcckliche Zustimmung nicht an Dritte weitergegeben.<br \/>Wir weisen darauf hin, dass die Daten\u00fcbertragung im Internet (z.B. bei der Kommunikation per E-Mail) Sicherheitsl\u00fccken aufweisen kann. Ein l\u00fcckenloser Schutz der Daten vor dem Zugriff durch Dritte ist nicht m\u00f6glich.<br \/>Der Nutzung von im Rahmen der Impressumspflicht ver\u00f6ffentlichten Kontaktdaten durch Dritte zur \u00dcbersendung von nicht ausdr\u00fccklich angeforderter Werbung und Informationsmaterialien wird hiermit ausdr\u00fccklich widersprochen. Die Betreiber der Seiten behalten sich ausdr\u00fccklich rechtliche Schritte im Falle der unverlangten Zusendung von Werbeinformationen, etwa durch Spam-Mails, vor.<\/p>\n<p>Impressum vom impressum-generator.de der Kanzlei Hasselbach Rechtsanw\u00e4lte<\/p>\n<p>&nbsp;<\/p>\n<p><strong>Bildnachweis<\/strong><\/p>\n<p>S\u00e4mtliche Fotos wurden erstellt durch <a href=\"http:\/\/www.werbefotostudio.de\">Sch\u00f6ning Fotodesign, Inh. Tim Heinrich<\/a> mit Sitz in Meppen.<\/p>\n<p>[\/et_pb_text][\/et_pb_column][\/et_pb_row][\/et_pb_section][et_pb_section fb_built=&#8220;1&#8243; module_id=&#8220;footer&#8220; module_class=&#8220;two-columns&#8220; _builder_version=&#8220;4.21.0&#8243; _module_preset=&#8220;default&#8220; background_color=&#8220;#6EA4CA&#8220; custom_padding=&#8220;||30px||false|false&#8220; global_module=&#8220;1074&#8243; saved_tabs=&#8220;all&#8220; global_colors_info=&#8220;{}&#8220;][et_pb_row _builder_version=&#8220;4.19.4&#8243; _module_preset=&#8220;default&#8220; width_tablet=&#8220;50%&#8220; width_phone=&#8220;70%&#8220; width_last_edited=&#8220;on|phone&#8220; custom_padding=&#8220;0px||0px||true|false&#8220; global_colors_info=&#8220;{}&#8220;][et_pb_column type=&#8220;4_4&#8243; _builder_version=&#8220;4.19.4&#8243; _module_preset=&#8220;default&#8220; global_colors_info=&#8220;{}&#8220;][et_pb_image src=&#8220;https:\/\/www.allgemeinarztpraxis.de\/wp-content\/uploads\/2023\/06\/GP-78-Logo.png&#8220; title_text=&#8220;GP 78 &#8211; Logo&#8220; _builder_version=&#8220;4.27.0&#8243; _module_preset=&#8220;default&#8220; width=&#8220;50%&#8220; width_tablet=&#8220;&#8220; width_phone=&#8220;100%&#8220; width_last_edited=&#8220;on|phone&#8220; module_alignment=&#8220;center&#8220; global_colors_info=&#8220;{}&#8220;][\/et_pb_image][\/et_pb_column][\/et_pb_row][et_pb_row _builder_version=&#8220;4.19.4&#8243; _module_preset=&#8220;default&#8220; global_colors_info=&#8220;{}&#8220;][et_pb_column type=&#8220;4_4&#8243; _builder_version=&#8220;4.19.4&#8243; _module_preset=&#8220;default&#8220; global_colors_info=&#8220;{}&#8220;][et_pb_divider color=&#8220;rgba(255,255,255,0.25)&#8220; divider_position=&#8220;center&#8220; divider_weight=&#8220;3px&#8220; _builder_version=&#8220;4.19.4&#8243; _module_preset=&#8220;default&#8220; width=&#8220;50%&#8220; module_alignment=&#8220;center&#8220; global_colors_info=&#8220;{}&#8220;][\/et_pb_divider][et_pb_text content_phone=&#8220;<\/p>\n<p style=%22text-align: center;%22>Dr. med. Johannes Holland<\/p>\n<p>&#8220; content_last_edited=&#8220;off|desktop&#8220; _builder_version=&#8220;4.19.4&#8243; _module_preset=&#8220;default&#8220; text_font=&#8220;Roboto|700|||||||&#8220; text_text_color=&#8220;#FFFFFF&#8220; text_font_size=&#8220;16px&#8220; header_font=&#8220;Roboto|700|||||||&#8220; header_text_color=&#8220;#6ea4ca&#8220; header_font_size=&#8220;60px&#8220; header_line_height=&#8220;1.2em&#8220; module_alignment=&#8220;right&#8220; custom_margin=&#8220;||5px||false|false&#8220; global_colors_info=&#8220;{}&#8220;]<\/p>\n<p style=\"text-align: center;\">Gemeinschaftspraxis f\u00fcr Allgemeine &amp; Innere Medizin<\/p>\n<p>[\/et_pb_text][et_pb_text content_phone=&#8220;<\/p>\n<p style=%22text-align: center;%22>Facharzt f\u00fcr Allgemeinmedizin<br \/>Flieger\u00e4rztliche Untersuchungsstelle AME<\/p>\n<p>&#8220; content_last_edited=&#8220;off|desktop&#8220; _builder_version=&#8220;4.27.3&#8243; _module_preset=&#8220;default&#8220; text_font=&#8220;Roboto||||||||&#8220; text_text_color=&#8220;rgba(255,255,255,0.85)&#8220; text_line_height=&#8220;1.5em&#8220; link_font=&#8220;||||on||||&#8220; link_text_color=&#8220;#FFFFFF&#8220; module_alignment=&#8220;left&#8220; global_colors_info=&#8220;{}&#8220;]<\/p>\n<p style=\"text-align: center;\">Meppener Stra\u00dfe 78<br \/>49808 Lingen (Ems)<br \/>Tel: (0591) 14052370<br \/>Fax: (0591) 14052390<br \/>Mail: <a href=\"mailto:mail@agmed.de\">mail@agmed.de<\/a><\/p>\n<p>[\/et_pb_text][et_pb_divider color=&#8220;rgba(255,255,255,0.25)&#8220; divider_position=&#8220;center&#8220; divider_weight=&#8220;3px&#8220; _builder_version=&#8220;4.19.4&#8243; _module_preset=&#8220;default&#8220; width=&#8220;50%&#8220; module_alignment=&#8220;center&#8220; global_colors_info=&#8220;{}&#8220;][\/et_pb_divider][\/et_pb_column][\/et_pb_row][et_pb_row column_structure=&#8220;1_2,1_2&#8243; module_class=&#8220;zweispalten&#8220; _builder_version=&#8220;4.21.0&#8243; _module_preset=&#8220;default&#8220; width_tablet=&#8220;&#8220; width_phone=&#8220;95%&#8220; width_last_edited=&#8220;on|phone&#8220; custom_padding=&#8220;0px||0px||true|false&#8220; global_colors_info=&#8220;{}&#8220;][et_pb_column type=&#8220;1_2&#8243; _builder_version=&#8220;4.21.0&#8243; _module_preset=&#8220;default&#8220; custom_padding_tablet=&#8220;|20px|||false|false&#8220; custom_padding_phone=&#8220;|10px|||false|false&#8220; custom_padding_last_edited=&#8220;on|tablet&#8220; global_colors_info=&#8220;{}&#8220;][et_pb_text content_tablet=&#8220;<\/p>\n<p style=%22text-align: center;%22>Dr. med. Johannes Holland<\/p>\n<p>&#8220; content_phone=&#8220;<\/p>\n<p style=%22text-align: center;%22>Dr. med. Johannes Holland<\/p>\n<p>&#8220; content_last_edited=&#8220;off|tablet&#8220; _builder_version=&#8220;4.19.4&#8243; _module_preset=&#8220;default&#8220; text_font=&#8220;Roboto|700|||||||&#8220; text_text_color=&#8220;#FFFFFF&#8220; text_font_size=&#8220;16px&#8220; header_font=&#8220;Roboto|700|||||||&#8220; header_text_color=&#8220;#6ea4ca&#8220; header_font_size=&#8220;60px&#8220; header_line_height=&#8220;1.2em&#8220; text_orientation=&#8220;right&#8220; module_alignment=&#8220;right&#8220; custom_margin=&#8220;||5px||false|false&#8220; text_orientation_tablet=&#8220;&#8220; text_orientation_phone=&#8220;&#8220; text_orientation_last_edited=&#8220;on|desktop&#8220; global_colors_info=&#8220;{}&#8220;]Dr. med. Johannes Holland[\/et_pb_text][et_pb_text content_tablet=&#8220;<\/p>\n<p style=%22text-align: center;%22>Facharzt f\u00fcr Allgemeinmedizin<br \/>Flieger\u00e4rztliche Untersuchungsstelle AME<\/p>\n<p>&#8220; content_phone=&#8220;<\/p>\n<p style=%22text-align: center;%22>Facharzt f\u00fcr Allgemeinmedizin<br \/>Flieger\u00e4rztliche Untersuchungsstelle AME<\/p>\n<p>&#8220; content_last_edited=&#8220;off|tablet&#8220; _builder_version=&#8220;4.27.3&#8243; _module_preset=&#8220;default&#8220; text_font=&#8220;Roboto||||||||&#8220; text_text_color=&#8220;rgba(255,255,255,0.85)&#8220; text_line_height=&#8220;1.5em&#8220; text_orientation=&#8220;right&#8220; module_alignment=&#8220;left&#8220; text_orientation_tablet=&#8220;&#8220; text_orientation_phone=&#8220;&#8220; text_orientation_last_edited=&#8220;on|desktop&#8220; global_colors_info=&#8220;{}&#8220;]<\/p>\n<p>Facharzt f\u00fcr Allgemeinmedizin<\/p>\n<p>[\/et_pb_text][et_pb_text content_phone=&#8220;<\/p>\n<p style=%22text-align: center;%22>Julia St\u00fcrmer<\/p>\n<p>&#8220; content_last_edited=&#8220;off|desktop&#8220; _builder_version=&#8220;4.19.4&#8243; _module_preset=&#8220;default&#8220; text_font=&#8220;Roboto|700|||||||&#8220; text_text_color=&#8220;#FFFFFF&#8220; text_font_size=&#8220;16px&#8220; header_font=&#8220;Roboto|700|||||||&#8220; header_text_color=&#8220;#6ea4ca&#8220; header_font_size=&#8220;60px&#8220; header_line_height=&#8220;1.2em&#8220; text_orientation=&#8220;right&#8220; module_alignment=&#8220;right&#8220; custom_margin=&#8220;||5px||false|false&#8220; custom_padding=&#8220;||0px|||&#8220; text_orientation_tablet=&#8220;right&#8220; text_orientation_phone=&#8220;right&#8220; text_orientation_last_edited=&#8220;on|tablet&#8220; global_colors_info=&#8220;{}&#8220;]<\/p>\n<p>Julia St\u00fcrmer<\/p>\n<p>[\/et_pb_text][et_pb_text content_phone=&#8220;<\/p>\n<p style=%22text-align: center;%22>Fach\u00e4rztin f\u00fcr Allgemeinmedizin<\/p>\n<p>&#8220; content_last_edited=&#8220;off|tablet&#8220; _builder_version=&#8220;4.19.4&#8243; _module_preset=&#8220;default&#8220; text_font=&#8220;Roboto||||||||&#8220; text_text_color=&#8220;rgba(255,255,255,0.85)&#8220; text_line_height=&#8220;1.5em&#8220; text_orientation=&#8220;right&#8220; module_alignment=&#8220;left&#8220; text_orientation_tablet=&#8220;right&#8220; text_orientation_phone=&#8220;right&#8220; text_orientation_last_edited=&#8220;on|tablet&#8220; global_colors_info=&#8220;{}&#8220;]<\/p>\n<p>Fach\u00e4rztin f\u00fcr Allgemeinmedizin<\/p>\n<p>[\/et_pb_text][et_pb_text _builder_version=&#8220;4.21.0&#8243; _module_preset=&#8220;default&#8220; text_font=&#8220;Roboto|700|||||||&#8220; text_text_color=&#8220;#FFFFFF&#8220; text_font_size=&#8220;16px&#8220; header_font=&#8220;Roboto|700|||||||&#8220; header_text_color=&#8220;#6ea4ca&#8220; header_font_size=&#8220;60px&#8220; header_line_height=&#8220;1.2em&#8220; text_orientation=&#8220;right&#8220; module_alignment=&#8220;right&#8220; custom_margin=&#8220;||5px||false|false&#8220; custom_padding=&#8220;||0px|||&#8220; text_orientation_tablet=&#8220;right&#8220; text_orientation_phone=&#8220;right&#8220; text_orientation_last_edited=&#8220;on|tablet&#8220; global_colors_info=&#8220;{}&#8220;]<\/p>\n<p style=\"text-align: right;\">Meike Hinzkowski<\/p>\n<p>[\/et_pb_text][et_pb_text _builder_version=&#8220;4.21.0&#8243; _module_preset=&#8220;default&#8220; text_font=&#8220;Roboto||||||||&#8220; text_text_color=&#8220;rgba(255,255,255,0.85)&#8220; text_line_height=&#8220;1.5em&#8220; text_orientation=&#8220;right&#8220; module_alignment=&#8220;left&#8220; text_orientation_tablet=&#8220;right&#8220; text_orientation_phone=&#8220;right&#8220; text_orientation_last_edited=&#8220;on|tablet&#8220; global_colors_info=&#8220;{}&#8220;]<\/p>\n<p>Fach\u00e4rztin f\u00fcr Allgemeinmedizin<\/p>\n<p>[\/et_pb_text][\/et_pb_column][et_pb_column type=&#8220;1_2&#8243; _builder_version=&#8220;4.19.4&#8243; _module_preset=&#8220;default&#8220; custom_padding_tablet=&#8220;|||20px|false|false&#8220; custom_padding_phone=&#8220;|||10px|false|false&#8220; custom_padding_last_edited=&#8220;on|tablet&#8220; global_colors_info=&#8220;{}&#8220;][et_pb_text content_phone=&#8220;<\/p>\n<p style=%22text-align: center;%22><b>Irina Gaibova<\/b><\/p>\n<p>&#8220; content_last_edited=&#8220;off|desktop&#8220; _builder_version=&#8220;4.27.0&#8243; _module_preset=&#8220;default&#8220; text_font=&#8220;Roboto|700|||||||&#8220; text_text_color=&#8220;#FFFFFF&#8220; text_font_size=&#8220;16px&#8220; header_font=&#8220;Roboto|700|||||||&#8220; header_text_color=&#8220;#6ea4ca&#8220; header_font_size=&#8220;60px&#8220; header_line_height=&#8220;1.2em&#8220; module_alignment=&#8220;left&#8220; custom_margin=&#8220;||5px||false|false&#8220; text_orientation_tablet=&#8220;left&#8220; text_orientation_phone=&#8220;&#8220; text_orientation_last_edited=&#8220;on|phone&#8220; global_colors_info=&#8220;{}&#8220;]<\/p>\n<p>Irina Westhoff<\/p>\n<p>[\/et_pb_text][et_pb_text content_phone=&#8220;<\/p>\n<p style=%22text-align: center;%22><span><span class=%22Apple-converted-space%22><\/span><\/span>Fach\u00e4rztin f\u00fcr Innere Medizin<br \/>Haus\u00e4rztliche Versorgung<\/p>\n<p>&#8220; content_last_edited=&#8220;off|phone&#8220; _builder_version=&#8220;4.19.4&#8243; _module_preset=&#8220;default&#8220; text_font=&#8220;Roboto||||||||&#8220; text_text_color=&#8220;rgba(255,255,255,0.85)&#8220; text_line_height=&#8220;1.5em&#8220; module_alignment=&#8220;left&#8220; text_orientation_tablet=&#8220;left&#8220; text_orientation_phone=&#8220;left&#8220; text_orientation_last_edited=&#8220;on|tablet&#8220; global_colors_info=&#8220;{}&#8220;]<\/p>\n<p>Fach\u00e4rztin f\u00fcr Innere Medizin<br \/>Haus\u00e4rztliche Versorgung<\/p>\n<p>[\/et_pb_text][et_pb_text _builder_version=&#8220;4.21.0&#8243; _module_preset=&#8220;default&#8220; text_font=&#8220;Roboto|700|||||||&#8220; text_text_color=&#8220;#FFFFFF&#8220; text_font_size=&#8220;16px&#8220; header_font=&#8220;Roboto|700|||||||&#8220; header_text_color=&#8220;#6ea4ca&#8220; header_font_size=&#8220;60px&#8220; header_line_height=&#8220;1.2em&#8220; module_alignment=&#8220;left&#8220; custom_margin=&#8220;||5px||false|false&#8220; text_orientation_tablet=&#8220;left&#8220; text_orientation_phone=&#8220;&#8220; text_orientation_last_edited=&#8220;on|phone&#8220; global_colors_info=&#8220;{}&#8220;]<\/p>\n<p>Dr. med. Ariane Holland<\/p>\n<p>[\/et_pb_text][et_pb_text _builder_version=&#8220;4.21.0&#8243; _module_preset=&#8220;default&#8220; text_font=&#8220;Roboto||||||||&#8220; text_text_color=&#8220;rgba(255,255,255,0.85)&#8220; text_line_height=&#8220;1.5em&#8220; module_alignment=&#8220;left&#8220; text_orientation_tablet=&#8220;left&#8220; text_orientation_phone=&#8220;left&#8220; text_orientation_last_edited=&#8220;on|tablet&#8220; global_colors_info=&#8220;{}&#8220;]<\/p>\n<p>Fach\u00e4rztin f\u00fcr Allgemeinmedizin<\/p>\n<p>[\/et_pb_text][\/et_pb_column][\/et_pb_row][et_pb_row _builder_version=&#8220;4.19.4&#8243; _module_preset=&#8220;default&#8220; global_colors_info=&#8220;{}&#8220;][et_pb_column type=&#8220;4_4&#8243; _builder_version=&#8220;4.19.4&#8243; _module_preset=&#8220;default&#8220; global_colors_info=&#8220;{}&#8220;][et_pb_divider color=&#8220;rgba(255,255,255,0.25)&#8220; divider_position=&#8220;center&#8220; divider_weight=&#8220;3px&#8220; _builder_version=&#8220;4.19.4&#8243; _module_preset=&#8220;default&#8220; global_colors_info=&#8220;{}&#8220;][\/et_pb_divider][\/et_pb_column][\/et_pb_row][et_pb_row _builder_version=&#8220;4.19.4&#8243; _module_preset=&#8220;default&#8220; global_colors_info=&#8220;{}&#8220;][et_pb_column type=&#8220;4_4&#8243; _builder_version=&#8220;4.19.4&#8243; _module_preset=&#8220;default&#8220; global_colors_info=&#8220;{}&#8220;][et_pb_text _builder_version=&#8220;4.19.4&#8243; _module_preset=&#8220;default&#8220; text_font=&#8220;Roboto|700|||||||&#8220; text_text_color=&#8220;#FFFFFF&#8220; text_font_size=&#8220;24px&#8220; header_font=&#8220;Roboto|700|||||||&#8220; header_text_color=&#8220;#6ea4ca&#8220; header_font_size=&#8220;60px&#8220; header_line_height=&#8220;1.2em&#8220; text_orientation=&#8220;center&#8220; module_alignment=&#8220;center&#8220; custom_margin=&#8220;||10px||false|false&#8220; global_colors_info=&#8220;{}&#8220;]Sprechzeiten[\/et_pb_text][et_pb_text _builder_version=&#8220;4.19.4&#8243; _module_preset=&#8220;default&#8220; text_font=&#8220;Roboto||||||||&#8220; text_text_color=&#8220;#FFFFFF&#8220; text_font_size=&#8220;16px&#8220; text_line_height=&#8220;1.5em&#8220; text_orientation=&#8220;center&#8220; width=&#8220;85%&#8220; width_tablet=&#8220;85%&#8220; width_phone=&#8220;85%&#8220; width_last_edited=&#8220;on|tablet&#8220; max_width=&#8220;85%&#8220; module_alignment=&#8220;center&#8220; global_colors_info=&#8220;{}&#8220;]nach telefonischer Terminvereinbarung[\/et_pb_text][\/et_pb_column][\/et_pb_row][et_pb_row column_structure=&#8220;1_6,1_6,1_6,1_6,1_6,1_6&#8243; use_custom_gutter=&#8220;on&#8220; gutter_width=&#8220;1&#8243; module_class=&#8220;zweispalten&#8220; _builder_version=&#8220;4.19.4&#8243; _module_preset=&#8220;default&#8220; custom_padding=&#8220;0px||||false|false&#8220; global_colors_info=&#8220;{}&#8220;][et_pb_column type=&#8220;1_6&#8243; _builder_version=&#8220;4.19.4&#8243; _module_preset=&#8220;default&#8220; custom_padding_tablet=&#8220;|20px|10px||false|false&#8220; custom_padding_phone=&#8220;|10px|10px||false|false&#8220; custom_padding_last_edited=&#8220;on|phone&#8220; global_colors_info=&#8220;{}&#8220;][et_pb_text _builder_version=&#8220;4.19.4&#8243; _module_preset=&#8220;default&#8220; text_font=&#8220;Roboto|700|||||||&#8220; text_text_color=&#8220;#FFFFFF&#8220; text_font_size=&#8220;16px&#8220; header_font=&#8220;Roboto|700|||||||&#8220; header_text_color=&#8220;#6ea4ca&#8220; header_font_size=&#8220;60px&#8220; header_line_height=&#8220;1.2em&#8220; custom_margin=&#8220;||5px||false|false&#8220; text_orientation_tablet=&#8220;right&#8220; text_orientation_phone=&#8220;right&#8220; text_orientation_last_edited=&#8220;on|phone&#8220; global_colors_info=&#8220;{}&#8220;]<\/p>\n<p>Montag<\/p>\n<p>[\/et_pb_text][et_pb_text _builder_version=&#8220;4.19.4&#8243; _module_preset=&#8220;default&#8220; text_font=&#8220;Roboto||||||||&#8220; text_text_color=&#8220;rgba(255,255,255,0.85)&#8220; text_line_height=&#8220;1.5em&#8220; module_alignment=&#8220;left&#8220; text_orientation_tablet=&#8220;right&#8220; text_orientation_phone=&#8220;right&#8220; text_orientation_last_edited=&#8220;on|phone&#8220; global_colors_info=&#8220;{}&#8220;]<\/p>\n<p>08:00 \u2013 12:30 Uhr<br \/>15:00 \u2013 17:30 Uhr<\/p>\n<p>[\/et_pb_text][\/et_pb_column][et_pb_column type=&#8220;1_6&#8243; _builder_version=&#8220;4.19.4&#8243; _module_preset=&#8220;default&#8220; custom_padding_tablet=&#8220;|||20px|false|false&#8220; custom_padding_phone=&#8220;|||10px|false|false&#8220; custom_padding_last_edited=&#8220;on|phone&#8220; global_colors_info=&#8220;{}&#8220;][et_pb_text _builder_version=&#8220;4.19.4&#8243; _module_preset=&#8220;default&#8220; text_font=&#8220;Roboto|700|||||||&#8220; text_text_color=&#8220;#FFFFFF&#8220; text_font_size=&#8220;16px&#8220; header_font=&#8220;Roboto|700|||||||&#8220; header_text_color=&#8220;#6ea4ca&#8220; header_font_size=&#8220;60px&#8220; header_line_height=&#8220;1.2em&#8220; custom_margin=&#8220;||5px||false|false&#8220; global_colors_info=&#8220;{}&#8220;]<\/p>\n<p style=\"text-align: left;\">Dienstag<\/p>\n<p>[\/et_pb_text][et_pb_text _builder_version=&#8220;4.19.4&#8243; _module_preset=&#8220;default&#8220; text_font=&#8220;Roboto||||||||&#8220; text_text_color=&#8220;rgba(255,255,255,0.85)&#8220; text_line_height=&#8220;1.5em&#8220; module_alignment=&#8220;left&#8220; global_colors_info=&#8220;{}&#8220;]<\/p>\n<p style=\"text-align: left;\">08:00 \u2013 12:30 Uhr<span class=\"Apple-converted-space\"><br \/><\/span>15:00 \u2013 17:30 Uhr<\/p>\n<p>[\/et_pb_text][\/et_pb_column][et_pb_column type=&#8220;1_6&#8243; _builder_version=&#8220;4.19.4&#8243; _module_preset=&#8220;default&#8220; custom_padding_tablet=&#8220;|20px|||false|false&#8220; custom_padding_phone=&#8220;|10px|||false|false&#8220; custom_padding_last_edited=&#8220;on|phone&#8220; global_colors_info=&#8220;{}&#8220;][et_pb_text _builder_version=&#8220;4.19.4&#8243; _module_preset=&#8220;default&#8220; text_font=&#8220;Roboto|700|||||||&#8220; text_text_color=&#8220;#FFFFFF&#8220; text_font_size=&#8220;16px&#8220; header_font=&#8220;Roboto|700|||||||&#8220; header_text_color=&#8220;#6ea4ca&#8220; header_font_size=&#8220;60px&#8220; header_line_height=&#8220;1.2em&#8220; custom_margin=&#8220;||5px||false|false&#8220; text_orientation_tablet=&#8220;right&#8220; text_orientation_phone=&#8220;right&#8220; text_orientation_last_edited=&#8220;on|phone&#8220; global_colors_info=&#8220;{}&#8220;]Mittwoch[\/et_pb_text][et_pb_text _builder_version=&#8220;4.19.4&#8243; _module_preset=&#8220;default&#8220; text_font=&#8220;Roboto||||||||&#8220; text_text_color=&#8220;rgba(255,255,255,0.85)&#8220; text_line_height=&#8220;1.5em&#8220; module_alignment=&#8220;left&#8220; text_orientation_tablet=&#8220;right&#8220; text_orientation_phone=&#8220;right&#8220; text_orientation_last_edited=&#8220;on|phone&#8220; global_colors_info=&#8220;{}&#8220;]08:00 \u2013 12:30 Uhr[\/et_pb_text][\/et_pb_column][et_pb_column type=&#8220;1_6&#8243; _builder_version=&#8220;4.19.4&#8243; _module_preset=&#8220;default&#8220; custom_padding_tablet=&#8220;||10px|20px|false|false&#8220; custom_padding_phone=&#8220;||10px|10px|false|false&#8220; custom_padding_last_edited=&#8220;on|phone&#8220; global_colors_info=&#8220;{}&#8220;][et_pb_text _builder_version=&#8220;4.19.4&#8243; _module_preset=&#8220;default&#8220; text_font=&#8220;Roboto|700|||||||&#8220; text_text_color=&#8220;#FFFFFF&#8220; text_font_size=&#8220;16px&#8220; header_font=&#8220;Roboto|700|||||||&#8220; header_text_color=&#8220;#6ea4ca&#8220; header_font_size=&#8220;60px&#8220; header_line_height=&#8220;1.2em&#8220; custom_margin=&#8220;||5px||false|false&#8220; global_colors_info=&#8220;{}&#8220;]<\/p>\n<p style=\"text-align: left;\">Donnerstag<\/p>\n<p>[\/et_pb_text][et_pb_text _builder_version=&#8220;4.19.4&#8243; _module_preset=&#8220;default&#8220; text_font=&#8220;Roboto||||||||&#8220; text_text_color=&#8220;rgba(255,255,255,0.85)&#8220; text_line_height=&#8220;1.5em&#8220; module_alignment=&#8220;left&#8220; global_colors_info=&#8220;{}&#8220;]<\/p>\n<p>08:00 \u2013 12:30 Uhr<span class=\"Apple-converted-space\"><br \/><\/span>15:00 \u2013 19:00 Uhr<\/p>\n<p>[\/et_pb_text][\/et_pb_column][et_pb_column type=&#8220;1_6&#8243; _builder_version=&#8220;4.19.4&#8243; _module_preset=&#8220;default&#8220; custom_padding_tablet=&#8220;|20px|||false|false&#8220; custom_padding_phone=&#8220;|10px|||false|false&#8220; custom_padding_last_edited=&#8220;on|phone&#8220; global_colors_info=&#8220;{}&#8220;][et_pb_text _builder_version=&#8220;4.19.4&#8243; _module_preset=&#8220;default&#8220; text_font=&#8220;Roboto|700|||||||&#8220; text_text_color=&#8220;#FFFFFF&#8220; text_font_size=&#8220;16px&#8220; header_font=&#8220;Roboto|700|||||||&#8220; header_text_color=&#8220;#6ea4ca&#8220; header_font_size=&#8220;60px&#8220; header_line_height=&#8220;1.2em&#8220; custom_margin=&#8220;||5px||false|false&#8220; text_orientation_tablet=&#8220;right&#8220; text_orientation_phone=&#8220;right&#8220; text_orientation_last_edited=&#8220;on|phone&#8220; global_colors_info=&#8220;{}&#8220;]Freitag[\/et_pb_text][et_pb_text _builder_version=&#8220;4.19.4&#8243; _module_preset=&#8220;default&#8220; text_font=&#8220;Roboto||||||||&#8220; text_text_color=&#8220;rgba(255,255,255,0.85)&#8220; text_line_height=&#8220;1.5em&#8220; module_alignment=&#8220;left&#8220; text_orientation_tablet=&#8220;right&#8220; text_orientation_phone=&#8220;right&#8220; text_orientation_last_edited=&#8220;on|phone&#8220; global_colors_info=&#8220;{}&#8220;]08:00 \u2013 13:00 Uhr[\/et_pb_text][\/et_pb_column][et_pb_column type=&#8220;1_6&#8243; _builder_version=&#8220;4.19.4&#8243; _module_preset=&#8220;default&#8220; custom_padding_tablet=&#8220;|||20px|false|false&#8220; custom_padding_phone=&#8220;|||10px|false|false&#8220; custom_padding_last_edited=&#8220;on|phone&#8220; global_colors_info=&#8220;{}&#8220;][et_pb_text _builder_version=&#8220;4.19.4&#8243; _module_preset=&#8220;default&#8220; text_font=&#8220;Roboto|700|||||||&#8220; text_text_color=&#8220;#FFFFFF&#8220; text_font_size=&#8220;16px&#8220; header_font=&#8220;Roboto|700|||||||&#8220; header_text_color=&#8220;#6ea4ca&#8220; header_font_size=&#8220;60px&#8220; header_line_height=&#8220;1.2em&#8220; custom_margin=&#8220;||5px||false|false&#8220; global_colors_info=&#8220;{}&#8220;]<\/p>\n<p style=\"text-align: left;\">Samstag<\/p>\n<p>[\/et_pb_text][et_pb_text _builder_version=&#8220;4.19.4&#8243; _module_preset=&#8220;default&#8220; text_font=&#8220;Roboto||||||||&#8220; text_text_color=&#8220;rgba(255,255,255,0.85)&#8220; text_line_height=&#8220;1.5em&#8220; module_alignment=&#8220;left&#8220; global_colors_info=&#8220;{}&#8220;]<\/p>\n<p>Notfall-Sprechstunde<br \/>(nur f\u00fcr einbestellte Patient:innen)<span class=\"Apple-converted-space\">\u00a0<\/span><\/p>\n<p>[\/et_pb_text][\/et_pb_column][\/et_pb_row][et_pb_row _builder_version=&#8220;4.19.4&#8243; _module_preset=&#8220;default&#8220; global_colors_info=&#8220;{}&#8220;][et_pb_column type=&#8220;4_4&#8243; _builder_version=&#8220;4.19.4&#8243; _module_preset=&#8220;default&#8220; global_colors_info=&#8220;{}&#8220;][et_pb_divider color=&#8220;rgba(255,255,255,0.25)&#8220; divider_position=&#8220;center&#8220; divider_weight=&#8220;3px&#8220; _builder_version=&#8220;4.19.4&#8243; _module_preset=&#8220;default&#8220; global_colors_info=&#8220;{}&#8220;][\/et_pb_divider][\/et_pb_column][\/et_pb_row][et_pb_row _builder_version=&#8220;4.21.0&#8243; _module_preset=&#8220;default&#8220; global_colors_info=&#8220;{}&#8220;][et_pb_column type=&#8220;4_4&#8243; _builder_version=&#8220;4.21.0&#8243; _module_preset=&#8220;default&#8220; global_colors_info=&#8220;{}&#8220;][et_pb_text content_phone=&#8220;<\/p>\n<p style=%22text-align: center;%22>Facharzt f\u00fcr Allgemeinmedizin<br \/>Flieger\u00e4rztliche Untersuchungsstelle AME<\/p>\n<p>&#8220; content_last_edited=&#8220;off|desktop&#8220; _builder_version=&#8220;4.27.3&#8243; _module_preset=&#8220;default&#8220; text_font=&#8220;Roboto||||||||&#8220; text_text_color=&#8220;rgba(255,255,255,0.85)&#8220; text_line_height=&#8220;1.5em&#8220; link_font=&#8220;Roboto||||||||&#8220; link_text_color=&#8220;#FFFFFF&#8220; text_orientation=&#8220;center&#8220; module_alignment=&#8220;center&#8220; global_colors_info=&#8220;{}&#8220;]<\/p>\n<p style=\"text-align: center;\"><a href=\"https:\/\/www.allgemeinarztpraxis.de\/index.php\/impressum\/\">Impressum<\/a> \u00a0| \u00a0<a href=\"https:\/\/www.allgemeinarztpraxis.de\/index.php\/datenschutz\/\">Datenschutz<\/a><\/p>\n<p>[\/et_pb_text][\/et_pb_column][\/et_pb_row][\/et_pb_section]<\/p>\n","protected":false},"excerpt":{"rendered":"<p>ImpressumAngaben gem\u00e4\u00df \u00a7 5 TMG Gemeinschaftspraxis 78Meppener Stra\u00dfe 7849808 Lingen (Ems) Vertreten durchDr. Johannes Holland, Julia St\u00fcrmer, Irina WesthoffTelefon: (0591) 14052370E-Mail: mail@agmed.de HaftungsausschlussHaftung f\u00fcr InhalteDie Inhalte unserer Seiten wurden mit gr\u00f6\u00dfter Sorgfalt erstellt. F\u00fcr die Richtigkeit, Vollst\u00e4ndigkeit und Aktualit\u00e4t der Inhalte k\u00f6nnen wir jedoch keine Gew\u00e4hr \u00fcbernehmen. Als Diensteanbieter sind wir gem\u00e4\u00df \u00a7 7 Abs.1 [&hellip;]<\/p>\n","protected":false},"author":2,"featured_media":0,"parent":0,"menu_order":0,"comment_status":"closed","ping_status":"closed","template":"","meta":{"_et_pb_use_builder":"on","_et_pb_old_content":"","_et_gb_content_width":"","footnotes":""},"class_list":["post-1036","page","type-page","status-publish","hentry"],"_links":{"self":[{"href":"https:\/\/www.allgemeinarztpraxis.de\/index.php\/wp-json\/wp\/v2\/pages\/1036","targetHints":{"allow":["GET"]}}],"collection":[{"href":"https:\/\/www.allgemeinarztpraxis.de\/index.php\/wp-json\/wp\/v2\/pages"}],"about":[{"href":"https:\/\/www.allgemeinarztpraxis.de\/index.php\/wp-json\/wp\/v2\/types\/page"}],"author":[{"embeddable":true,"href":"https:\/\/www.allgemeinarztpraxis.de\/index.php\/wp-json\/wp\/v2\/users\/2"}],"replies":[{"embeddable":true,"href":"https:\/\/www.allgemeinarztpraxis.de\/index.php\/wp-json\/wp\/v2\/comments?post=1036"}],"version-history":[{"count":10,"href":"https:\/\/www.allgemeinarztpraxis.de\/index.php\/wp-json\/wp\/v2\/pages\/1036\/revisions"}],"predecessor-version":[{"id":1294,"href":"https:\/\/www.allgemeinarztpraxis.de\/index.php\/wp-json\/wp\/v2\/pages\/1036\/revisions\/1294"}],"wp:attachment":[{"href":"https:\/\/www.allgemeinarztpraxis.de\/index.php\/wp-json\/wp\/v2\/media?parent=1036"}],"curies":[{"name":"wp","href":"https:\/\/api.w.org\/{rel}","templated":true}]}}