{"id":537,"date":"2023-06-13T20:47:56","date_gmt":"2023-06-13T18:47:56","guid":{"rendered":"https:\/\/www.allgemeinarztpraxis.de\/?page_id=537"},"modified":"2025-04-03T14:55:34","modified_gmt":"2025-04-03T12:55:34","slug":"praxis","status":"publish","type":"page","link":"https:\/\/www.allgemeinarztpraxis.de\/index.php\/praxis\/","title":{"rendered":"Praxis"},"content":{"rendered":"<p>[et_pb_section fb_built=&#8220;1&#8243; custom_padding_last_edited=&#8220;on|phone&#8220; _builder_version=&#8220;4.19.4&#8243; _module_preset=&#8220;default&#8220; custom_padding_tablet=&#8220;&#8220; custom_padding_phone=&#8220;10px||10px||true|false&#8220; global_colors_info=&#8220;{}&#8220;][et_pb_row _builder_version=&#8220;4.19.4&#8243; _module_preset=&#8220;default&#8220; global_colors_info=&#8220;{}&#8220;][et_pb_column type=&#8220;4_4&#8243; _builder_version=&#8220;4.19.4&#8243; _module_preset=&#8220;default&#8220; global_colors_info=&#8220;{}&#8220;][et_pb_text _builder_version=&#8220;4.19.4&#8243; _module_preset=&#8220;default&#8220; text_font=&#8220;Roboto|700|||||||&#8220; text_text_color=&#8220;#6EA4CA&#8220; text_font_size=&#8220;60px&#8220; text_line_height=&#8220;1.2em&#8220; header_font=&#8220;Roboto|700|||||||&#8220; header_text_align=&#8220;center&#8220; header_text_color=&#8220;#6ea4ca&#8220; header_font_size=&#8220;60px&#8220; header_line_height=&#8220;1.2em&#8220; text_orientation=&#8220;center&#8220; width_tablet=&#8220;85%&#8220; width_phone=&#8220;85%&#8220; width_last_edited=&#8220;off|desktop&#8220; module_alignment=&#8220;left&#8220; custom_margin=&#8220;||8px|||&#8220; text_font_size_tablet=&#8220;60px&#8220; text_font_size_phone=&#8220;34px&#8220; text_font_size_last_edited=&#8220;on|phone&#8220; header_font_size_tablet=&#8220;60px&#8220; header_font_size_phone=&#8220;34px&#8220; header_font_size_last_edited=&#8220;on|phone&#8220; global_colors_info=&#8220;{}&#8220;]Ihre Adresse in Sachen Gesundheit[\/et_pb_text][et_pb_text content_last_edited=&#8220;off|tablet&#8220; _builder_version=&#8220;4.19.4&#8243; _module_preset=&#8220;default&#8220; text_font=&#8220;Roboto||||||||&#8220; text_text_color=&#8220;#565656&#8243; text_font_size=&#8220;20px&#8220; text_line_height=&#8220;1.5em&#8220; text_orientation=&#8220;center&#8220; width_tablet=&#8220;85%&#8220; width_phone=&#8220;85%&#8220; width_last_edited=&#8220;off|desktop&#8220; text_font_size_tablet=&#8220;20px&#8220; text_font_size_phone=&#8220;14px&#8220; text_font_size_last_edited=&#8220;on|phone&#8220; global_colors_info=&#8220;{}&#8220;]<\/p>\n<p>Im n\u00f6rdlichen Bereich der Stadt Lingen im Emsland, direkt an der Hauptverkehrsverbindung zur Nordseek\u00fcste (B 70) befindet sich unsere Gemeinschaftspraxis.\u00a0Im ersten Stock eines Gesch\u00e4ftsgeb\u00e4udes mit ausreichenden Parkpl\u00e4tzen, indem sich auch eine Apotheke und ein Sanit\u00e4tshaus befinden, \u00f6ffnen wir unsere T\u00fcren f\u00fcr Sie. Ein Aufzug sorgt f\u00fcr einen noch leichteren und behindertengerechten Zugang.\u00a0Im Herbst 2022 wurden unsere R\u00e4umlichkeiten von der MSHK Planungsgruppe GmbH aus Lingen neu gestaltet. Im Fokus des Designs: Eine offene und moderne Atmosph\u00e4re sowie die ideale technische Ausstattung.<\/p>\n<p>[\/et_pb_text][\/et_pb_column][\/et_pb_row][\/et_pb_section][et_pb_section fb_built=&#8220;1&#8243; fullwidth=&#8220;on&#8220; _builder_version=&#8220;4.19.4&#8243; _module_preset=&#8220;default&#8220; global_colors_info=&#8220;{}&#8220;][et_pb_fullwidth_image src=&#8220;https:\/\/www.allgemeinarztpraxis.de\/wp-content\/uploads\/2023\/06\/GP78-Praxis_0003_2023_04_27_Z621695-scaled-1.jpg&#8220; title_text=&#8220;GP78-Praxis_0003_2023_04_27_Z621695&#8243; _builder_version=&#8220;4.21.0&#8243; _module_preset=&#8220;default&#8220; global_colors_info=&#8220;{}&#8220;][\/et_pb_fullwidth_image][\/et_pb_section][et_pb_section fb_built=&#8220;1&#8243; custom_padding_last_edited=&#8220;on|phone&#8220; _builder_version=&#8220;4.19.4&#8243; _module_preset=&#8220;default&#8220; use_background_color_gradient=&#8220;on&#8220; background_color_gradient_stops=&#8220;rgba(234,237,239,0.4) 0%|#ffffff 95%&#8220; custom_padding_tablet=&#8220;&#8220; custom_padding_phone=&#8220;10px||10px||true|false&#8220; global_colors_info=&#8220;{}&#8220;][et_pb_row column_structure=&#8220;1_2,1_2&#8243; use_custom_gutter=&#8220;on&#8220; gutter_width=&#8220;2&#8243; make_equal=&#8220;on&#8220; _builder_version=&#8220;4.19.4&#8243; _module_preset=&#8220;default&#8220; transform_scale_last_edited=&#8220;off|desktop&#8220; transform_translate_tablet=&#8220;0px|0px&#8220; transform_translate_phone=&#8220;0px|0px&#8220; transform_translate_last_edited=&#8220;off|desktop&#8220; transform_rotate_last_edited=&#8220;off|desktop&#8220; transform_skew_last_edited=&#8220;off|desktop&#8220; transform_origin_last_edited=&#8220;off|desktop&#8220; transform_styles_last_edited=&#8220;off|desktop&#8220; z_index=&#8220;140&#8243; max_width_tablet=&#8220;65%&#8220; max_width_phone=&#8220;90%&#8220; max_width_last_edited=&#8220;off|desktop&#8220; global_colors_info=&#8220;{}&#8220;][et_pb_column type=&#8220;1_2&#8243; _builder_version=&#8220;4.19.4&#8243; _module_preset=&#8220;default&#8220; background_color=&#8220;#E9C8AB&#8220; custom_padding=&#8220;50px||50px||true|false&#8220; custom_padding_tablet=&#8220;40px||40px||true|false&#8220; custom_padding_phone=&#8220;30px||30px||true|false&#8220; custom_padding_last_edited=&#8220;on|phone&#8220; border_radii=&#8220;on|35px|35px|35px|35px&#8220; box_shadow_style=&#8220;preset3&#8243; box_shadow_color=&#8220;rgba(140,140,140,0.3)&#8220; global_colors_info=&#8220;{}&#8220;][et_pb_icon font_icon=&#8220;&#xf0f3;||fa||400&#8243; icon_color=&#8220;rgba(255,255,255,0.75)&#8220; icon_width=&#8220;70px&#8220; icon_width_tablet=&#8220;70px&#8220; icon_width_phone=&#8220;35px&#8220; icon_width_last_edited=&#8220;on|phone&#8220; _builder_version=&#8220;4.19.4&#8243; _module_preset=&#8220;default&#8220; global_colors_info=&#8220;{}&#8220;][\/et_pb_icon][et_pb_text _builder_version=&#8220;4.21.0&#8243; _module_preset=&#8220;default&#8220; text_font=&#8220;Roboto|700|||||||&#8220; text_text_color=&#8220;#FFFFFF&#8220; text_font_size=&#8220;24px&#8220; header_font=&#8220;Roboto|700|||||||&#8220; header_text_color=&#8220;#6ea4ca&#8220; header_font_size=&#8220;60px&#8220; header_line_height=&#8220;1.2em&#8220; module_alignment=&#8220;center&#8220; custom_margin_tablet=&#8220;&#8220; custom_margin_phone=&#8220;||15px||false|false&#8220; custom_margin_last_edited=&#8220;on|phone&#8220; global_colors_info=&#8220;{}&#8220;]<\/p>\n<p style=\"text-align: center;\">Aktuelles<\/p>\n<p>[\/et_pb_text][et_pb_text _builder_version=&#8220;4.21.0&#8243; _module_preset=&#8220;default&#8220; text_font=&#8220;Roboto||||||||&#8220; text_text_color=&#8220;#FFFFFF&#8220; text_font_size=&#8220;16px&#8220; text_line_height=&#8220;1.5em&#8220; width=&#8220;85%&#8220; width_tablet=&#8220;85%&#8220; width_phone=&#8220;85%&#8220; width_last_edited=&#8220;on|tablet&#8220; max_width=&#8220;85%&#8220; module_alignment=&#8220;center&#8220; text_font_size_tablet=&#8220;16px&#8220; text_font_size_phone=&#8220;14px&#8220; text_font_size_last_edited=&#8220;on|phone&#8220; global_colors_info=&#8220;{}&#8220;][\/et_pb_text][\/et_pb_column][et_pb_column type=&#8220;1_2&#8243; _builder_version=&#8220;4.19.4&#8243; _module_preset=&#8220;default&#8220; background_color=&#8220;#ADBDD4&#8243; custom_padding=&#8220;50px||50px||true|false&#8220; custom_padding_tablet=&#8220;40px||40px||true|false&#8220; custom_padding_phone=&#8220;30px||30px||true|false&#8220; custom_padding_last_edited=&#8220;on|phone&#8220; border_radii=&#8220;on|35px|35px|35px|35px&#8220; box_shadow_style=&#8220;preset3&#8243; box_shadow_color=&#8220;rgba(140,140,140,0.3)&#8220; global_colors_info=&#8220;{}&#8220;][et_pb_icon font_icon=&#8220;&#xe076;||fa||900&#8243; icon_color=&#8220;rgba(255,255,255,0.75)&#8220; icon_width=&#8220;70px&#8220; icon_width_tablet=&#8220;70px&#8220; icon_width_phone=&#8220;35px&#8220; icon_width_last_edited=&#8220;on|phone&#8220; _builder_version=&#8220;4.19.4&#8243; _module_preset=&#8220;default&#8220; global_colors_info=&#8220;{}&#8220;][\/et_pb_icon][et_pb_text _builder_version=&#8220;4.19.4&#8243; _module_preset=&#8220;default&#8220; text_font=&#8220;Roboto|700|||||||&#8220; text_text_color=&#8220;#FFFFFF&#8220; text_font_size=&#8220;24px&#8220; header_font=&#8220;Roboto|700|||||||&#8220; header_text_color=&#8220;#6ea4ca&#8220; header_font_size=&#8220;60px&#8220; header_line_height=&#8220;1.2em&#8220; module_alignment=&#8220;center&#8220; custom_margin_tablet=&#8220;&#8220; custom_margin_phone=&#8220;||15px||false|false&#8220; custom_margin_last_edited=&#8220;on|phone&#8220; global_colors_info=&#8220;{}&#8220;]<\/p>\n<p style=\"text-align: center;\">Erk\u00e4ltungssymptome?<\/p>\n<p>[\/et_pb_text][et_pb_text _builder_version=&#8220;4.19.4&#8243; _module_preset=&#8220;default&#8220; text_font=&#8220;Roboto||||||||&#8220; text_text_color=&#8220;#FFFFFF&#8220; text_font_size=&#8220;16px&#8220; text_line_height=&#8220;1.5em&#8220; width=&#8220;85%&#8220; width_tablet=&#8220;85%&#8220; width_phone=&#8220;85%&#8220; width_last_edited=&#8220;on|tablet&#8220; max_width=&#8220;85%&#8220; module_alignment=&#8220;center&#8220; text_font_size_tablet=&#8220;16px&#8220; text_font_size_phone=&#8220;14px&#8220; text_font_size_last_edited=&#8220;on|phone&#8220; global_colors_info=&#8220;{}&#8220;]<\/p>\n<p style=\"text-align: center;\">Wir bitten darum, dass Patient:innen mit Infekt-Symptomen jeder Art (Husten, Schnupfen, Halsschmerzen, Fieber) nur nach vorheriger telefonischer Termin\u00advereinbarung im Rahmen der Infekt-Sprechstunde die Praxis betreten. Bitte tragen Sie zudem eine FFP-2-Maske.<\/p>\n<p>[\/et_pb_text][et_pb_button button_url=&#8220;tel:05916038&#8243; button_text=&#8220;Anrufen: (0591) 14052370&#8243; button_alignment=&#8220;center&#8220; _builder_version=&#8220;4.27.3&#8243; _module_preset=&#8220;default&#8220; custom_button=&#8220;on&#8220; button_text_color=&#8220;#FFFFFF&#8220; button_bg_color=&#8220;RGBA(255,255,255,0)&#8220; button_border_width=&#8220;3px&#8220; button_border_color=&#8220;#FFFFFF&#8220; button_border_radius=&#8220;100px&#8220; button_font=&#8220;Roboto|700|||||||&#8220; button_use_icon=&#8220;off&#8220; position_origin_a=&#8220;bottom_center&#8220; hover_enabled=&#8220;0&#8243; global_colors_info=&#8220;{}&#8220; button_text_color__hover_enabled=&#8220;on|hover&#8220; button_bg_color__hover_enabled=&#8220;on|hover&#8220; button_bg_color__hover=&#8220;#FFFFFF&#8220; button_bg_enable_color__hover=&#8220;on&#8220; button_text_color__hover=&#8220;#6EA4CA&#8220; sticky_enabled=&#8220;0&#8243;][\/et_pb_button][\/et_pb_column][\/et_pb_row][\/et_pb_section][et_pb_section fb_built=&#8220;1&#8243; _builder_version=&#8220;4.19.4&#8243; _module_preset=&#8220;default&#8220; background_color=&#8220;rgba(234,237,239,0.4)&#8220; width_tablet=&#8220;&#8220; width_phone=&#8220;100%&#8220; width_last_edited=&#8220;on|phone&#8220; global_colors_info=&#8220;{}&#8220;][et_pb_row column_structure=&#8220;1_2,1_2&#8243; make_equal=&#8220;on&#8220; custom_padding_last_edited=&#8220;on|tablet&#8220; _builder_version=&#8220;4.19.4&#8243; _module_preset=&#8220;default&#8220; width_tablet=&#8220;&#8220; width_phone=&#8220;90%&#8220; width_last_edited=&#8220;on|phone&#8220; custom_padding_tablet=&#8220;||0px||false|false&#8220; custom_padding_phone=&#8220;||0px||false|false&#8220; global_colors_info=&#8220;{}&#8220;][et_pb_column type=&#8220;1_2&#8243; _builder_version=&#8220;4.19.4&#8243; _module_preset=&#8220;default&#8220; background_color=&#8220;#FFFFFF&#8220; custom_padding=&#8220;40px||40px||true|false&#8220; border_radii=&#8220;on|25px|25px|25px|25px&#8220; box_shadow_style=&#8220;preset3&#8243; box_shadow_vertical=&#8220;3px&#8220; box_shadow_color=&#8220;rgba(0,0,0,0.1)&#8220; global_colors_info=&#8220;{}&#8220;][et_pb_icon font_icon=&#8220;&#xf0fa;||fa||900&#8243; icon_color=&#8220;#6EA4CA&#8220; icon_width=&#8220;40px&#8220; _builder_version=&#8220;4.19.4&#8243; _module_preset=&#8220;default&#8220; global_colors_info=&#8220;{}&#8220;][\/et_pb_icon][et_pb_text _builder_version=&#8220;4.19.4&#8243; _module_preset=&#8220;default&#8220; text_font=&#8220;Roboto|700|||||||&#8220; text_text_color=&#8220;#565656&#8243; text_font_size=&#8220;24px&#8220; header_font=&#8220;Roboto|700|||||||&#8220; header_text_color=&#8220;#6ea4ca&#8220; header_font_size=&#8220;60px&#8220; header_line_height=&#8220;1.2em&#8220; text_orientation=&#8220;center&#8220; module_alignment=&#8220;center&#8220; global_colors_info=&#8220;{}&#8220;]Praxisausstattung[\/et_pb_text][et_pb_text _builder_version=&#8220;4.21.0&#8243; _module_preset=&#8220;default&#8220; text_font=&#8220;Roboto||||||||&#8220; text_text_color=&#8220;#565656&#8243; text_font_size=&#8220;16px&#8220; text_line_height=&#8220;1.5em&#8220; text_orientation=&#8220;center&#8220; width=&#8220;85%&#8220; width_tablet=&#8220;85%&#8220; width_phone=&#8220;84%&#8220; width_last_edited=&#8220;on|tablet&#8220; module_alignment=&#8220;center&#8220; text_font_size_tablet=&#8220;16px&#8220; text_font_size_phone=&#8220;14px&#8220; text_font_size_last_edited=&#8220;on|phone&#8220; global_colors_info=&#8220;{}&#8220;]<\/p>\n<p>Nicht nur viel Licht und eine komfortables Design, sondern vor allem die hochwertige Ausstattung unserer Praxis- und Behandlungsr\u00e4ume sorgen daf\u00fcr, dass wir Ihnen besten Service bieten k\u00f6nnen.<\/p>\n<p>Unsere Praxisausstattung mit EKG, Ergometrie, 24h-Langzeit-EKG, 24h-Langzeit-Blutdruckmessung, Ultraschall\u00addoppler\u00aduntersuchung der peripheren und zentralen hirnversorgenden Gef\u00e4\u00dfe, Ultraschalluntersuchungen des gesamten Bauchraums und der Schilddr\u00fcse, Echokardiographie, Lungenfunktionspr\u00fcfung, Gesamtlabor, Infusionspl\u00e4tzen sowie Seh- und H\u00f6rtestger\u00e4ten erm\u00f6glicht uns jederzeit die erforderliche Diagnostik und Therapie ohne Zeitverz\u00f6gerung und Umwege durchzuf\u00fchren.<\/p>\n<p>[\/et_pb_text][\/et_pb_column][et_pb_column type=&#8220;1_2&#8243; _builder_version=&#8220;4.19.4&#8243; _module_preset=&#8220;default&#8220; background_color=&#8220;#FFFFFF&#8220; custom_padding=&#8220;40px||40px||true|false&#8220; border_radii=&#8220;on|25px|25px|25px|25px&#8220; box_shadow_style=&#8220;preset3&#8243; box_shadow_vertical=&#8220;3px&#8220; box_shadow_color=&#8220;rgba(0,0,0,0.1)&#8220; global_colors_info=&#8220;{}&#8220;][et_pb_icon font_icon=&#8220;&#xf3c8;||fa||400&#8243; icon_color=&#8220;#6EA4CA&#8220; icon_width=&#8220;40px&#8220; _builder_version=&#8220;4.19.4&#8243; _module_preset=&#8220;default&#8220; global_colors_info=&#8220;{}&#8220;][\/et_pb_icon][et_pb_text _builder_version=&#8220;4.19.4&#8243; _module_preset=&#8220;default&#8220; text_font=&#8220;Roboto|700|||||||&#8220; text_text_color=&#8220;#565656&#8243; text_font_size=&#8220;24px&#8220; header_font=&#8220;Roboto|700|||||||&#8220; header_text_color=&#8220;#6ea4ca&#8220; header_font_size=&#8220;60px&#8220; header_line_height=&#8220;1.2em&#8220; text_orientation=&#8220;center&#8220; module_alignment=&#8220;center&#8220; global_colors_info=&#8220;{}&#8220;]Leistungsspektrum[\/et_pb_text][et_pb_text _builder_version=&#8220;4.27.3&#8243; _module_preset=&#8220;default&#8220; text_font=&#8220;Roboto||||||||&#8220; text_text_color=&#8220;#565656&#8243; text_font_size=&#8220;16px&#8220; text_line_height=&#8220;1.5em&#8220; text_orientation=&#8220;center&#8220; width=&#8220;85%&#8220; width_tablet=&#8220;85%&#8220; width_phone=&#8220;84%&#8220; width_last_edited=&#8220;on|tablet&#8220; module_alignment=&#8220;center&#8220; text_font_size_tablet=&#8220;16px&#8220; text_font_size_phone=&#8220;14px&#8220; text_font_size_last_edited=&#8220;on|phone&#8220; global_colors_info=&#8220;{}&#8220;]<\/p>\n<p>Der medizinische Schwerpunkt unserer Praxis liegt in der Behandlung aller allgemeinmedizinischen Krankheitsbilder inklusive der kleinen Chirurgie.<br \/>Innerhalb der Leistungspflicht der gesetzlichen Krankenkassen f\u00fchren wir Vorsorgeuntersuchungen und Kinder\u00adfr\u00fch\u00aderkennungs\u00aduntersuchungen, Impfberatung sowie empfohlene Impfungen f\u00fcr das Inland, psychosomatische Betreuung und kleinere chirurgische Eingriffe durch.<br \/>Nicht zu Lasten der Krankenkassen f\u00fchren wir sport\u00e4rztliche und tauch\u00e4rztliche Untersuchungen vor Ausbildungsbeginn und als Kontrolluntersuchungen durch. Auch die sorgf\u00e4ltige reisemedizinische Beratung mit Komplettierung des Impfstatus f\u00fcr Fernreisen geh\u00f6rt zu unseren Leistungen.<\/p>\n<p>[\/et_pb_text][et_pb_text _builder_version=&#8220;4.21.0&#8243; _module_preset=&#8220;default&#8220; text_font=&#8220;Roboto||||on||||solid&#8220; text_text_color=&#8220;#6EA4CA&#8220; text_font_size=&#8220;18px&#8220; text_line_height=&#8220;1.5em&#8220; text_orientation=&#8220;center&#8220; width=&#8220;85%&#8220; module_alignment=&#8220;center&#8220; link_option_url=&#8220;https:\/\/www.allgemeinarztpraxis.de\/index.php\/leistungen\/&#8220; global_colors_info=&#8220;{}&#8220;]<\/p>\n<p>unsere Leistungen im Detail<\/p>\n<p>[\/et_pb_text][\/et_pb_column][\/et_pb_row][\/et_pb_section][et_pb_section fb_built=&#8220;1&#8243; custom_padding_last_edited=&#8220;on|phone&#8220; _builder_version=&#8220;4.19.4&#8243; _module_preset=&#8220;default&#8220; background_color=&#8220;#00093f&#8220; custom_padding=&#8220;120px||120px||true|false&#8220; custom_padding_tablet=&#8220;60px||60px||true|false&#8220; custom_padding_phone=&#8220;30px||30px||true|false&#8220; global_colors_info=&#8220;{}&#8220;][et_pb_row _builder_version=&#8220;4.19.4&#8243; _module_preset=&#8220;default&#8220; global_colors_info=&#8220;{}&#8220;][et_pb_column type=&#8220;4_4&#8243; _builder_version=&#8220;4.19.4&#8243; _module_preset=&#8220;default&#8220; global_colors_info=&#8220;{}&#8220;][et_pb_text _builder_version=&#8220;4.21.0&#8243; _module_preset=&#8220;default&#8220; text_font=&#8220;Roboto|700|||||||&#8220; text_text_color=&#8220;#FFFFFF&#8220; text_font_size=&#8220;60px&#8220; text_line_height=&#8220;1.2em&#8220; header_font=&#8220;Roboto|700|||||||&#8220; header_text_align=&#8220;center&#8220; header_text_color=&#8220;#6ea4ca&#8220; header_font_size=&#8220;60px&#8220; header_line_height=&#8220;1.2em&#8220; text_orientation=&#8220;center&#8220; width_tablet=&#8220;85%&#8220; width_phone=&#8220;85%&#8220; width_last_edited=&#8220;off|desktop&#8220; module_alignment=&#8220;left&#8220; custom_margin=&#8220;||8px|||&#8220; text_font_size_tablet=&#8220;36px&#8220; text_font_size_phone=&#8220;24px&#8220; text_font_size_last_edited=&#8220;on|phone&#8220; header_font_size_tablet=&#8220;60px&#8220; header_font_size_phone=&#8220;34px&#8220; header_font_size_last_edited=&#8220;on|phone&#8220; global_colors_info=&#8220;{}&#8220;]<\/p>\n<p>Unsere Praxis ist aktives Mitglied im Gesundheitsnetz im Altkreis Lingen<\/p>\n<p>[\/et_pb_text][et_pb_text content_last_edited=&#8220;off|tablet&#8220; _builder_version=&#8220;4.19.4&#8243; _module_preset=&#8220;default&#8220; text_font=&#8220;Roboto||||||||&#8220; text_text_color=&#8220;#FFFFFF&#8220; text_font_size=&#8220;20px&#8220; text_line_height=&#8220;1.5em&#8220; text_orientation=&#8220;center&#8220; width_tablet=&#8220;85%&#8220; width_phone=&#8220;85%&#8220; width_last_edited=&#8220;off|desktop&#8220; custom_margin_last_edited=&#8220;off|desktop&#8220; text_font_size_tablet=&#8220;20px&#8220; text_font_size_phone=&#8220;14px&#8220; text_font_size_last_edited=&#8220;on|phone&#8220; global_colors_info=&#8220;{}&#8220;]Die GENIAL eG ist eine \u00e4rztliche Genossenschaft mit vertrauensvoller und enger Zusammenarbeit von \u00fcber 50 Allgemein- und Fach\u00e4rzt:innen in Lingen und Umgebung. Das Logo der Genial eG in den Mitgliedspraxen steht f\u00fcr eine neue Qualit\u00e4t der \u00e4rztlichen Versorgung in unserer Region.[\/et_pb_text][et_pb_image src=&#8220;https:\/\/www.allgemeinarztpraxis.de\/wp-content\/uploads\/2023\/06\/Genial-Logo_Weiss.png&#8220; title_text=&#8220;Genial-Logo_Weiss&#8220; url=&#8220;https:\/\/www.genial-lingen.de&#8220; url_new_window=&#8220;on&#8220; _builder_version=&#8220;4.21.0&#8243; _module_preset=&#8220;default&#8220; width=&#8220;20%&#8220; width_tablet=&#8220;40%&#8220; width_phone=&#8220;60%&#8220; width_last_edited=&#8220;on|phone&#8220; module_alignment=&#8220;center&#8220; scroll_fade_enable=&#8220;on&#8220; global_colors_info=&#8220;{}&#8220;][\/et_pb_image][\/et_pb_column][\/et_pb_row][\/et_pb_section][et_pb_section fb_built=&#8220;1&#8243; module_id=&#8220;footer&#8220; module_class=&#8220;two-columns&#8220; _builder_version=&#8220;4.21.0&#8243; _module_preset=&#8220;default&#8220; background_color=&#8220;#6EA4CA&#8220; custom_padding=&#8220;||30px||false|false&#8220; global_module=&#8220;1074&#8243; saved_tabs=&#8220;all&#8220; global_colors_info=&#8220;{}&#8220;][et_pb_row _builder_version=&#8220;4.19.4&#8243; _module_preset=&#8220;default&#8220; width_tablet=&#8220;50%&#8220; width_phone=&#8220;70%&#8220; width_last_edited=&#8220;on|phone&#8220; custom_padding=&#8220;0px||0px||true|false&#8220; global_colors_info=&#8220;{}&#8220;][et_pb_column type=&#8220;4_4&#8243; _builder_version=&#8220;4.19.4&#8243; _module_preset=&#8220;default&#8220; global_colors_info=&#8220;{}&#8220;][et_pb_image src=&#8220;https:\/\/www.allgemeinarztpraxis.de\/wp-content\/uploads\/2023\/06\/GP-78-Logo.png&#8220; title_text=&#8220;GP 78 &#8211; Logo&#8220; _builder_version=&#8220;4.27.0&#8243; _module_preset=&#8220;default&#8220; width=&#8220;50%&#8220; width_tablet=&#8220;&#8220; width_phone=&#8220;100%&#8220; width_last_edited=&#8220;on|phone&#8220; module_alignment=&#8220;center&#8220; global_colors_info=&#8220;{}&#8220;][\/et_pb_image][\/et_pb_column][\/et_pb_row][et_pb_row _builder_version=&#8220;4.19.4&#8243; _module_preset=&#8220;default&#8220; global_colors_info=&#8220;{}&#8220;][et_pb_column type=&#8220;4_4&#8243; _builder_version=&#8220;4.19.4&#8243; _module_preset=&#8220;default&#8220; global_colors_info=&#8220;{}&#8220;][et_pb_divider color=&#8220;rgba(255,255,255,0.25)&#8220; divider_position=&#8220;center&#8220; divider_weight=&#8220;3px&#8220; _builder_version=&#8220;4.19.4&#8243; _module_preset=&#8220;default&#8220; width=&#8220;50%&#8220; module_alignment=&#8220;center&#8220; global_colors_info=&#8220;{}&#8220;][\/et_pb_divider][et_pb_text content_phone=&#8220;<\/p>\n<p style=%22text-align: center;%22>Dr. med. Johannes Holland<\/p>\n<p>&#8220; content_last_edited=&#8220;off|desktop&#8220; _builder_version=&#8220;4.19.4&#8243; _module_preset=&#8220;default&#8220; text_font=&#8220;Roboto|700|||||||&#8220; text_text_color=&#8220;#FFFFFF&#8220; text_font_size=&#8220;16px&#8220; header_font=&#8220;Roboto|700|||||||&#8220; header_text_color=&#8220;#6ea4ca&#8220; header_font_size=&#8220;60px&#8220; header_line_height=&#8220;1.2em&#8220; module_alignment=&#8220;right&#8220; custom_margin=&#8220;||5px||false|false&#8220; global_colors_info=&#8220;{}&#8220;]<\/p>\n<p style=\"text-align: center;\">Gemeinschaftspraxis f\u00fcr Allgemeine &amp; Innere Medizin<\/p>\n<p>[\/et_pb_text][et_pb_text content_phone=&#8220;<\/p>\n<p style=%22text-align: center;%22>Facharzt f\u00fcr Allgemeinmedizin<br \/>Flieger\u00e4rztliche Untersuchungsstelle AME<\/p>\n<p>&#8220; content_last_edited=&#8220;off|desktop&#8220; _builder_version=&#8220;4.27.3&#8243; _module_preset=&#8220;default&#8220; text_font=&#8220;Roboto||||||||&#8220; text_text_color=&#8220;rgba(255,255,255,0.85)&#8220; text_line_height=&#8220;1.5em&#8220; link_font=&#8220;||||on||||&#8220; link_text_color=&#8220;#FFFFFF&#8220; module_alignment=&#8220;left&#8220; global_colors_info=&#8220;{}&#8220;]<\/p>\n<p style=\"text-align: center;\">Meppener Stra\u00dfe 78<br \/>49808 Lingen (Ems)<br \/>Tel: (0591) 14052370<br \/>Fax: (0591) 14052390<br \/>Mail: <a href=\"mailto:mail@agmed.de\">mail@agmed.de<\/a><\/p>\n<p>[\/et_pb_text][et_pb_divider color=&#8220;rgba(255,255,255,0.25)&#8220; divider_position=&#8220;center&#8220; divider_weight=&#8220;3px&#8220; _builder_version=&#8220;4.19.4&#8243; _module_preset=&#8220;default&#8220; width=&#8220;50%&#8220; module_alignment=&#8220;center&#8220; global_colors_info=&#8220;{}&#8220;][\/et_pb_divider][\/et_pb_column][\/et_pb_row][et_pb_row column_structure=&#8220;1_2,1_2&#8243; module_class=&#8220;zweispalten&#8220; _builder_version=&#8220;4.21.0&#8243; _module_preset=&#8220;default&#8220; width_tablet=&#8220;&#8220; width_phone=&#8220;95%&#8220; width_last_edited=&#8220;on|phone&#8220; custom_padding=&#8220;0px||0px||true|false&#8220; global_colors_info=&#8220;{}&#8220;][et_pb_column type=&#8220;1_2&#8243; _builder_version=&#8220;4.21.0&#8243; _module_preset=&#8220;default&#8220; custom_padding_tablet=&#8220;|20px|||false|false&#8220; custom_padding_phone=&#8220;|10px|||false|false&#8220; custom_padding_last_edited=&#8220;on|tablet&#8220; global_colors_info=&#8220;{}&#8220;][et_pb_text content_tablet=&#8220;<\/p>\n<p style=%22text-align: center;%22>Dr. med. Johannes Holland<\/p>\n<p>&#8220; content_phone=&#8220;<\/p>\n<p style=%22text-align: center;%22>Dr. med. Johannes Holland<\/p>\n<p>&#8220; content_last_edited=&#8220;off|tablet&#8220; _builder_version=&#8220;4.19.4&#8243; _module_preset=&#8220;default&#8220; text_font=&#8220;Roboto|700|||||||&#8220; text_text_color=&#8220;#FFFFFF&#8220; text_font_size=&#8220;16px&#8220; header_font=&#8220;Roboto|700|||||||&#8220; header_text_color=&#8220;#6ea4ca&#8220; header_font_size=&#8220;60px&#8220; header_line_height=&#8220;1.2em&#8220; text_orientation=&#8220;right&#8220; module_alignment=&#8220;right&#8220; custom_margin=&#8220;||5px||false|false&#8220; text_orientation_tablet=&#8220;&#8220; text_orientation_phone=&#8220;&#8220; text_orientation_last_edited=&#8220;on|desktop&#8220; global_colors_info=&#8220;{}&#8220;]Dr. med. Johannes Holland[\/et_pb_text][et_pb_text content_tablet=&#8220;<\/p>\n<p style=%22text-align: center;%22>Facharzt f\u00fcr Allgemeinmedizin<br \/>Flieger\u00e4rztliche Untersuchungsstelle AME<\/p>\n<p>&#8220; content_phone=&#8220;<\/p>\n<p style=%22text-align: center;%22>Facharzt f\u00fcr Allgemeinmedizin<br \/>Flieger\u00e4rztliche Untersuchungsstelle AME<\/p>\n<p>&#8220; content_last_edited=&#8220;off|tablet&#8220; _builder_version=&#8220;4.27.3&#8243; _module_preset=&#8220;default&#8220; text_font=&#8220;Roboto||||||||&#8220; text_text_color=&#8220;rgba(255,255,255,0.85)&#8220; text_line_height=&#8220;1.5em&#8220; text_orientation=&#8220;right&#8220; module_alignment=&#8220;left&#8220; text_orientation_tablet=&#8220;&#8220; text_orientation_phone=&#8220;&#8220; text_orientation_last_edited=&#8220;on|desktop&#8220; global_colors_info=&#8220;{}&#8220;]<\/p>\n<p>Facharzt f\u00fcr Allgemeinmedizin<\/p>\n<p>[\/et_pb_text][et_pb_text content_phone=&#8220;<\/p>\n<p style=%22text-align: center;%22>Julia St\u00fcrmer<\/p>\n<p>&#8220; content_last_edited=&#8220;off|desktop&#8220; _builder_version=&#8220;4.19.4&#8243; _module_preset=&#8220;default&#8220; text_font=&#8220;Roboto|700|||||||&#8220; text_text_color=&#8220;#FFFFFF&#8220; text_font_size=&#8220;16px&#8220; header_font=&#8220;Roboto|700|||||||&#8220; header_text_color=&#8220;#6ea4ca&#8220; header_font_size=&#8220;60px&#8220; header_line_height=&#8220;1.2em&#8220; text_orientation=&#8220;right&#8220; module_alignment=&#8220;right&#8220; custom_margin=&#8220;||5px||false|false&#8220; custom_padding=&#8220;||0px|||&#8220; text_orientation_tablet=&#8220;right&#8220; text_orientation_phone=&#8220;right&#8220; text_orientation_last_edited=&#8220;on|tablet&#8220; global_colors_info=&#8220;{}&#8220;]<\/p>\n<p>Julia St\u00fcrmer<\/p>\n<p>[\/et_pb_text][et_pb_text content_phone=&#8220;<\/p>\n<p style=%22text-align: center;%22>Fach\u00e4rztin f\u00fcr Allgemeinmedizin<\/p>\n<p>&#8220; content_last_edited=&#8220;off|tablet&#8220; _builder_version=&#8220;4.19.4&#8243; _module_preset=&#8220;default&#8220; text_font=&#8220;Roboto||||||||&#8220; text_text_color=&#8220;rgba(255,255,255,0.85)&#8220; text_line_height=&#8220;1.5em&#8220; text_orientation=&#8220;right&#8220; module_alignment=&#8220;left&#8220; text_orientation_tablet=&#8220;right&#8220; text_orientation_phone=&#8220;right&#8220; text_orientation_last_edited=&#8220;on|tablet&#8220; global_colors_info=&#8220;{}&#8220;]<\/p>\n<p>Fach\u00e4rztin f\u00fcr Allgemeinmedizin<\/p>\n<p>[\/et_pb_text][et_pb_text _builder_version=&#8220;4.21.0&#8243; _module_preset=&#8220;default&#8220; text_font=&#8220;Roboto|700|||||||&#8220; text_text_color=&#8220;#FFFFFF&#8220; text_font_size=&#8220;16px&#8220; header_font=&#8220;Roboto|700|||||||&#8220; header_text_color=&#8220;#6ea4ca&#8220; header_font_size=&#8220;60px&#8220; header_line_height=&#8220;1.2em&#8220; text_orientation=&#8220;right&#8220; module_alignment=&#8220;right&#8220; custom_margin=&#8220;||5px||false|false&#8220; custom_padding=&#8220;||0px|||&#8220; text_orientation_tablet=&#8220;right&#8220; text_orientation_phone=&#8220;right&#8220; text_orientation_last_edited=&#8220;on|tablet&#8220; global_colors_info=&#8220;{}&#8220;]<\/p>\n<p style=\"text-align: right;\">Meike Hinzkowski<\/p>\n<p>[\/et_pb_text][et_pb_text _builder_version=&#8220;4.21.0&#8243; _module_preset=&#8220;default&#8220; text_font=&#8220;Roboto||||||||&#8220; text_text_color=&#8220;rgba(255,255,255,0.85)&#8220; text_line_height=&#8220;1.5em&#8220; text_orientation=&#8220;right&#8220; module_alignment=&#8220;left&#8220; text_orientation_tablet=&#8220;right&#8220; text_orientation_phone=&#8220;right&#8220; text_orientation_last_edited=&#8220;on|tablet&#8220; global_colors_info=&#8220;{}&#8220;]<\/p>\n<p>Fach\u00e4rztin f\u00fcr Allgemeinmedizin<\/p>\n<p>[\/et_pb_text][\/et_pb_column][et_pb_column type=&#8220;1_2&#8243; _builder_version=&#8220;4.19.4&#8243; _module_preset=&#8220;default&#8220; custom_padding_tablet=&#8220;|||20px|false|false&#8220; custom_padding_phone=&#8220;|||10px|false|false&#8220; custom_padding_last_edited=&#8220;on|tablet&#8220; global_colors_info=&#8220;{}&#8220;][et_pb_text content_phone=&#8220;<\/p>\n<p style=%22text-align: center;%22><b>Irina Gaibova<\/b><\/p>\n<p>&#8220; content_last_edited=&#8220;off|desktop&#8220; _builder_version=&#8220;4.27.0&#8243; _module_preset=&#8220;default&#8220; text_font=&#8220;Roboto|700|||||||&#8220; text_text_color=&#8220;#FFFFFF&#8220; text_font_size=&#8220;16px&#8220; header_font=&#8220;Roboto|700|||||||&#8220; header_text_color=&#8220;#6ea4ca&#8220; header_font_size=&#8220;60px&#8220; header_line_height=&#8220;1.2em&#8220; module_alignment=&#8220;left&#8220; custom_margin=&#8220;||5px||false|false&#8220; text_orientation_tablet=&#8220;left&#8220; text_orientation_phone=&#8220;&#8220; text_orientation_last_edited=&#8220;on|phone&#8220; global_colors_info=&#8220;{}&#8220;]<\/p>\n<p>Irina Westhoff<\/p>\n<p>[\/et_pb_text][et_pb_text content_phone=&#8220;<\/p>\n<p style=%22text-align: center;%22><span><span class=%22Apple-converted-space%22><\/span><\/span>Fach\u00e4rztin f\u00fcr Innere Medizin<br \/>Haus\u00e4rztliche Versorgung<\/p>\n<p>&#8220; content_last_edited=&#8220;off|phone&#8220; _builder_version=&#8220;4.19.4&#8243; _module_preset=&#8220;default&#8220; text_font=&#8220;Roboto||||||||&#8220; text_text_color=&#8220;rgba(255,255,255,0.85)&#8220; text_line_height=&#8220;1.5em&#8220; module_alignment=&#8220;left&#8220; text_orientation_tablet=&#8220;left&#8220; text_orientation_phone=&#8220;left&#8220; text_orientation_last_edited=&#8220;on|tablet&#8220; global_colors_info=&#8220;{}&#8220;]<\/p>\n<p>Fach\u00e4rztin f\u00fcr Innere Medizin<br \/>Haus\u00e4rztliche Versorgung<\/p>\n<p>[\/et_pb_text][et_pb_text _builder_version=&#8220;4.21.0&#8243; _module_preset=&#8220;default&#8220; text_font=&#8220;Roboto|700|||||||&#8220; text_text_color=&#8220;#FFFFFF&#8220; text_font_size=&#8220;16px&#8220; header_font=&#8220;Roboto|700|||||||&#8220; header_text_color=&#8220;#6ea4ca&#8220; header_font_size=&#8220;60px&#8220; header_line_height=&#8220;1.2em&#8220; module_alignment=&#8220;left&#8220; custom_margin=&#8220;||5px||false|false&#8220; text_orientation_tablet=&#8220;left&#8220; text_orientation_phone=&#8220;&#8220; text_orientation_last_edited=&#8220;on|phone&#8220; global_colors_info=&#8220;{}&#8220;]<\/p>\n<p>Dr. med. Ariane Holland<\/p>\n<p>[\/et_pb_text][et_pb_text _builder_version=&#8220;4.21.0&#8243; _module_preset=&#8220;default&#8220; text_font=&#8220;Roboto||||||||&#8220; text_text_color=&#8220;rgba(255,255,255,0.85)&#8220; text_line_height=&#8220;1.5em&#8220; module_alignment=&#8220;left&#8220; text_orientation_tablet=&#8220;left&#8220; text_orientation_phone=&#8220;left&#8220; text_orientation_last_edited=&#8220;on|tablet&#8220; global_colors_info=&#8220;{}&#8220;]<\/p>\n<p>Fach\u00e4rztin f\u00fcr Allgemeinmedizin<\/p>\n<p>[\/et_pb_text][\/et_pb_column][\/et_pb_row][et_pb_row _builder_version=&#8220;4.19.4&#8243; _module_preset=&#8220;default&#8220; global_colors_info=&#8220;{}&#8220;][et_pb_column type=&#8220;4_4&#8243; _builder_version=&#8220;4.19.4&#8243; _module_preset=&#8220;default&#8220; global_colors_info=&#8220;{}&#8220;][et_pb_divider color=&#8220;rgba(255,255,255,0.25)&#8220; divider_position=&#8220;center&#8220; divider_weight=&#8220;3px&#8220; _builder_version=&#8220;4.19.4&#8243; _module_preset=&#8220;default&#8220; global_colors_info=&#8220;{}&#8220;][\/et_pb_divider][\/et_pb_column][\/et_pb_row][et_pb_row _builder_version=&#8220;4.19.4&#8243; _module_preset=&#8220;default&#8220; global_colors_info=&#8220;{}&#8220;][et_pb_column type=&#8220;4_4&#8243; _builder_version=&#8220;4.19.4&#8243; _module_preset=&#8220;default&#8220; global_colors_info=&#8220;{}&#8220;][et_pb_text _builder_version=&#8220;4.19.4&#8243; _module_preset=&#8220;default&#8220; text_font=&#8220;Roboto|700|||||||&#8220; text_text_color=&#8220;#FFFFFF&#8220; text_font_size=&#8220;24px&#8220; header_font=&#8220;Roboto|700|||||||&#8220; header_text_color=&#8220;#6ea4ca&#8220; header_font_size=&#8220;60px&#8220; header_line_height=&#8220;1.2em&#8220; text_orientation=&#8220;center&#8220; module_alignment=&#8220;center&#8220; custom_margin=&#8220;||10px||false|false&#8220; global_colors_info=&#8220;{}&#8220;]Sprechzeiten[\/et_pb_text][et_pb_text _builder_version=&#8220;4.19.4&#8243; _module_preset=&#8220;default&#8220; text_font=&#8220;Roboto||||||||&#8220; text_text_color=&#8220;#FFFFFF&#8220; text_font_size=&#8220;16px&#8220; text_line_height=&#8220;1.5em&#8220; text_orientation=&#8220;center&#8220; width=&#8220;85%&#8220; width_tablet=&#8220;85%&#8220; width_phone=&#8220;85%&#8220; width_last_edited=&#8220;on|tablet&#8220; max_width=&#8220;85%&#8220; module_alignment=&#8220;center&#8220; global_colors_info=&#8220;{}&#8220;]nach telefonischer Terminvereinbarung[\/et_pb_text][\/et_pb_column][\/et_pb_row][et_pb_row column_structure=&#8220;1_6,1_6,1_6,1_6,1_6,1_6&#8243; use_custom_gutter=&#8220;on&#8220; gutter_width=&#8220;1&#8243; module_class=&#8220;zweispalten&#8220; _builder_version=&#8220;4.19.4&#8243; _module_preset=&#8220;default&#8220; custom_padding=&#8220;0px||||false|false&#8220; global_colors_info=&#8220;{}&#8220;][et_pb_column type=&#8220;1_6&#8243; _builder_version=&#8220;4.19.4&#8243; _module_preset=&#8220;default&#8220; custom_padding_tablet=&#8220;|20px|10px||false|false&#8220; custom_padding_phone=&#8220;|10px|10px||false|false&#8220; custom_padding_last_edited=&#8220;on|phone&#8220; global_colors_info=&#8220;{}&#8220;][et_pb_text _builder_version=&#8220;4.19.4&#8243; _module_preset=&#8220;default&#8220; text_font=&#8220;Roboto|700|||||||&#8220; text_text_color=&#8220;#FFFFFF&#8220; text_font_size=&#8220;16px&#8220; header_font=&#8220;Roboto|700|||||||&#8220; header_text_color=&#8220;#6ea4ca&#8220; header_font_size=&#8220;60px&#8220; header_line_height=&#8220;1.2em&#8220; custom_margin=&#8220;||5px||false|false&#8220; text_orientation_tablet=&#8220;right&#8220; text_orientation_phone=&#8220;right&#8220; text_orientation_last_edited=&#8220;on|phone&#8220; global_colors_info=&#8220;{}&#8220;]<\/p>\n<p>Montag<\/p>\n<p>[\/et_pb_text][et_pb_text _builder_version=&#8220;4.19.4&#8243; _module_preset=&#8220;default&#8220; text_font=&#8220;Roboto||||||||&#8220; text_text_color=&#8220;rgba(255,255,255,0.85)&#8220; text_line_height=&#8220;1.5em&#8220; module_alignment=&#8220;left&#8220; text_orientation_tablet=&#8220;right&#8220; text_orientation_phone=&#8220;right&#8220; text_orientation_last_edited=&#8220;on|phone&#8220; global_colors_info=&#8220;{}&#8220;]<\/p>\n<p>08:00 \u2013 12:30 Uhr<br \/>15:00 \u2013 17:30 Uhr<\/p>\n<p>[\/et_pb_text][\/et_pb_column][et_pb_column type=&#8220;1_6&#8243; _builder_version=&#8220;4.19.4&#8243; _module_preset=&#8220;default&#8220; custom_padding_tablet=&#8220;|||20px|false|false&#8220; custom_padding_phone=&#8220;|||10px|false|false&#8220; custom_padding_last_edited=&#8220;on|phone&#8220; global_colors_info=&#8220;{}&#8220;][et_pb_text _builder_version=&#8220;4.19.4&#8243; _module_preset=&#8220;default&#8220; text_font=&#8220;Roboto|700|||||||&#8220; text_text_color=&#8220;#FFFFFF&#8220; text_font_size=&#8220;16px&#8220; header_font=&#8220;Roboto|700|||||||&#8220; header_text_color=&#8220;#6ea4ca&#8220; header_font_size=&#8220;60px&#8220; header_line_height=&#8220;1.2em&#8220; custom_margin=&#8220;||5px||false|false&#8220; global_colors_info=&#8220;{}&#8220;]<\/p>\n<p style=\"text-align: left;\">Dienstag<\/p>\n<p>[\/et_pb_text][et_pb_text _builder_version=&#8220;4.19.4&#8243; _module_preset=&#8220;default&#8220; text_font=&#8220;Roboto||||||||&#8220; text_text_color=&#8220;rgba(255,255,255,0.85)&#8220; text_line_height=&#8220;1.5em&#8220; module_alignment=&#8220;left&#8220; global_colors_info=&#8220;{}&#8220;]<\/p>\n<p style=\"text-align: left;\">08:00 \u2013 12:30 Uhr<span class=\"Apple-converted-space\"><br \/><\/span>15:00 \u2013 17:30 Uhr<\/p>\n<p>[\/et_pb_text][\/et_pb_column][et_pb_column type=&#8220;1_6&#8243; _builder_version=&#8220;4.19.4&#8243; _module_preset=&#8220;default&#8220; custom_padding_tablet=&#8220;|20px|||false|false&#8220; custom_padding_phone=&#8220;|10px|||false|false&#8220; custom_padding_last_edited=&#8220;on|phone&#8220; global_colors_info=&#8220;{}&#8220;][et_pb_text _builder_version=&#8220;4.19.4&#8243; _module_preset=&#8220;default&#8220; text_font=&#8220;Roboto|700|||||||&#8220; text_text_color=&#8220;#FFFFFF&#8220; text_font_size=&#8220;16px&#8220; header_font=&#8220;Roboto|700|||||||&#8220; header_text_color=&#8220;#6ea4ca&#8220; header_font_size=&#8220;60px&#8220; header_line_height=&#8220;1.2em&#8220; custom_margin=&#8220;||5px||false|false&#8220; text_orientation_tablet=&#8220;right&#8220; text_orientation_phone=&#8220;right&#8220; text_orientation_last_edited=&#8220;on|phone&#8220; global_colors_info=&#8220;{}&#8220;]Mittwoch[\/et_pb_text][et_pb_text _builder_version=&#8220;4.19.4&#8243; _module_preset=&#8220;default&#8220; text_font=&#8220;Roboto||||||||&#8220; text_text_color=&#8220;rgba(255,255,255,0.85)&#8220; text_line_height=&#8220;1.5em&#8220; module_alignment=&#8220;left&#8220; text_orientation_tablet=&#8220;right&#8220; text_orientation_phone=&#8220;right&#8220; text_orientation_last_edited=&#8220;on|phone&#8220; global_colors_info=&#8220;{}&#8220;]08:00 \u2013 12:30 Uhr[\/et_pb_text][\/et_pb_column][et_pb_column type=&#8220;1_6&#8243; _builder_version=&#8220;4.19.4&#8243; _module_preset=&#8220;default&#8220; custom_padding_tablet=&#8220;||10px|20px|false|false&#8220; custom_padding_phone=&#8220;||10px|10px|false|false&#8220; custom_padding_last_edited=&#8220;on|phone&#8220; global_colors_info=&#8220;{}&#8220;][et_pb_text _builder_version=&#8220;4.19.4&#8243; _module_preset=&#8220;default&#8220; text_font=&#8220;Roboto|700|||||||&#8220; text_text_color=&#8220;#FFFFFF&#8220; text_font_size=&#8220;16px&#8220; header_font=&#8220;Roboto|700|||||||&#8220; header_text_color=&#8220;#6ea4ca&#8220; header_font_size=&#8220;60px&#8220; header_line_height=&#8220;1.2em&#8220; custom_margin=&#8220;||5px||false|false&#8220; global_colors_info=&#8220;{}&#8220;]<\/p>\n<p style=\"text-align: left;\">Donnerstag<\/p>\n<p>[\/et_pb_text][et_pb_text _builder_version=&#8220;4.19.4&#8243; _module_preset=&#8220;default&#8220; text_font=&#8220;Roboto||||||||&#8220; text_text_color=&#8220;rgba(255,255,255,0.85)&#8220; text_line_height=&#8220;1.5em&#8220; module_alignment=&#8220;left&#8220; global_colors_info=&#8220;{}&#8220;]<\/p>\n<p>08:00 \u2013 12:30 Uhr<span class=\"Apple-converted-space\"><br \/><\/span>15:00 \u2013 19:00 Uhr<\/p>\n<p>[\/et_pb_text][\/et_pb_column][et_pb_column type=&#8220;1_6&#8243; _builder_version=&#8220;4.19.4&#8243; _module_preset=&#8220;default&#8220; custom_padding_tablet=&#8220;|20px|||false|false&#8220; custom_padding_phone=&#8220;|10px|||false|false&#8220; custom_padding_last_edited=&#8220;on|phone&#8220; global_colors_info=&#8220;{}&#8220;][et_pb_text _builder_version=&#8220;4.19.4&#8243; _module_preset=&#8220;default&#8220; text_font=&#8220;Roboto|700|||||||&#8220; text_text_color=&#8220;#FFFFFF&#8220; text_font_size=&#8220;16px&#8220; header_font=&#8220;Roboto|700|||||||&#8220; header_text_color=&#8220;#6ea4ca&#8220; header_font_size=&#8220;60px&#8220; header_line_height=&#8220;1.2em&#8220; custom_margin=&#8220;||5px||false|false&#8220; text_orientation_tablet=&#8220;right&#8220; text_orientation_phone=&#8220;right&#8220; text_orientation_last_edited=&#8220;on|phone&#8220; global_colors_info=&#8220;{}&#8220;]Freitag[\/et_pb_text][et_pb_text _builder_version=&#8220;4.19.4&#8243; _module_preset=&#8220;default&#8220; text_font=&#8220;Roboto||||||||&#8220; text_text_color=&#8220;rgba(255,255,255,0.85)&#8220; text_line_height=&#8220;1.5em&#8220; module_alignment=&#8220;left&#8220; text_orientation_tablet=&#8220;right&#8220; text_orientation_phone=&#8220;right&#8220; text_orientation_last_edited=&#8220;on|phone&#8220; global_colors_info=&#8220;{}&#8220;]08:00 \u2013 13:00 Uhr[\/et_pb_text][\/et_pb_column][et_pb_column type=&#8220;1_6&#8243; _builder_version=&#8220;4.19.4&#8243; _module_preset=&#8220;default&#8220; custom_padding_tablet=&#8220;|||20px|false|false&#8220; custom_padding_phone=&#8220;|||10px|false|false&#8220; custom_padding_last_edited=&#8220;on|phone&#8220; global_colors_info=&#8220;{}&#8220;][et_pb_text _builder_version=&#8220;4.19.4&#8243; _module_preset=&#8220;default&#8220; text_font=&#8220;Roboto|700|||||||&#8220; text_text_color=&#8220;#FFFFFF&#8220; text_font_size=&#8220;16px&#8220; header_font=&#8220;Roboto|700|||||||&#8220; header_text_color=&#8220;#6ea4ca&#8220; header_font_size=&#8220;60px&#8220; header_line_height=&#8220;1.2em&#8220; custom_margin=&#8220;||5px||false|false&#8220; global_colors_info=&#8220;{}&#8220;]<\/p>\n<p style=\"text-align: left;\">Samstag<\/p>\n<p>[\/et_pb_text][et_pb_text _builder_version=&#8220;4.19.4&#8243; _module_preset=&#8220;default&#8220; text_font=&#8220;Roboto||||||||&#8220; text_text_color=&#8220;rgba(255,255,255,0.85)&#8220; text_line_height=&#8220;1.5em&#8220; module_alignment=&#8220;left&#8220; global_colors_info=&#8220;{}&#8220;]<\/p>\n<p>Notfall-Sprechstunde<br \/>(nur f\u00fcr einbestellte Patient:innen)<span class=\"Apple-converted-space\">\u00a0<\/span><\/p>\n<p>[\/et_pb_text][\/et_pb_column][\/et_pb_row][et_pb_row _builder_version=&#8220;4.19.4&#8243; _module_preset=&#8220;default&#8220; global_colors_info=&#8220;{}&#8220;][et_pb_column type=&#8220;4_4&#8243; _builder_version=&#8220;4.19.4&#8243; _module_preset=&#8220;default&#8220; global_colors_info=&#8220;{}&#8220;][et_pb_divider color=&#8220;rgba(255,255,255,0.25)&#8220; divider_position=&#8220;center&#8220; divider_weight=&#8220;3px&#8220; _builder_version=&#8220;4.19.4&#8243; _module_preset=&#8220;default&#8220; global_colors_info=&#8220;{}&#8220;][\/et_pb_divider][\/et_pb_column][\/et_pb_row][et_pb_row _builder_version=&#8220;4.21.0&#8243; _module_preset=&#8220;default&#8220; global_colors_info=&#8220;{}&#8220;][et_pb_column type=&#8220;4_4&#8243; _builder_version=&#8220;4.21.0&#8243; _module_preset=&#8220;default&#8220; global_colors_info=&#8220;{}&#8220;][et_pb_text content_phone=&#8220;<\/p>\n<p style=%22text-align: center;%22>Facharzt f\u00fcr Allgemeinmedizin<br \/>Flieger\u00e4rztliche Untersuchungsstelle AME<\/p>\n<p>&#8220; content_last_edited=&#8220;off|desktop&#8220; _builder_version=&#8220;4.27.3&#8243; _module_preset=&#8220;default&#8220; text_font=&#8220;Roboto||||||||&#8220; text_text_color=&#8220;rgba(255,255,255,0.85)&#8220; text_line_height=&#8220;1.5em&#8220; link_font=&#8220;Roboto||||||||&#8220; link_text_color=&#8220;#FFFFFF&#8220; text_orientation=&#8220;center&#8220; module_alignment=&#8220;center&#8220; global_colors_info=&#8220;{}&#8220;]<\/p>\n<p style=\"text-align: center;\"><a href=\"https:\/\/www.allgemeinarztpraxis.de\/index.php\/impressum\/\">Impressum<\/a> \u00a0| \u00a0<a href=\"https:\/\/www.allgemeinarztpraxis.de\/index.php\/datenschutz\/\">Datenschutz<\/a><\/p>\n<p>[\/et_pb_text][\/et_pb_column][\/et_pb_row][\/et_pb_section]<\/p>\n","protected":false},"excerpt":{"rendered":"<p>Ihre Adresse in Sachen GesundheitIm n\u00f6rdlichen Bereich der Stadt Lingen im Emsland, direkt an der Hauptverkehrsverbindung zur Nordseek\u00fcste (B 70) befindet sich unsere Gemeinschaftspraxis.\u00a0Im ersten Stock eines Gesch\u00e4ftsgeb\u00e4udes mit ausreichenden Parkpl\u00e4tzen, indem sich auch eine Apotheke und ein Sanit\u00e4tshaus befinden, \u00f6ffnen wir unsere T\u00fcren f\u00fcr Sie. Ein Aufzug sorgt f\u00fcr einen noch leichteren und behindertengerechten [&hellip;]<\/p>\n","protected":false},"author":2,"featured_media":0,"parent":0,"menu_order":0,"comment_status":"closed","ping_status":"closed","template":"","meta":{"_et_pb_use_builder":"on","_et_pb_old_content":"","_et_gb_content_width":"","footnotes":""},"class_list":["post-537","page","type-page","status-publish","hentry"],"_links":{"self":[{"href":"https:\/\/www.allgemeinarztpraxis.de\/index.php\/wp-json\/wp\/v2\/pages\/537","targetHints":{"allow":["GET"]}}],"collection":[{"href":"https:\/\/www.allgemeinarztpraxis.de\/index.php\/wp-json\/wp\/v2\/pages"}],"about":[{"href":"https:\/\/www.allgemeinarztpraxis.de\/index.php\/wp-json\/wp\/v2\/types\/page"}],"author":[{"embeddable":true,"href":"https:\/\/www.allgemeinarztpraxis.de\/index.php\/wp-json\/wp\/v2\/users\/2"}],"replies":[{"embeddable":true,"href":"https:\/\/www.allgemeinarztpraxis.de\/index.php\/wp-json\/wp\/v2\/comments?post=537"}],"version-history":[{"count":11,"href":"https:\/\/www.allgemeinarztpraxis.de\/index.php\/wp-json\/wp\/v2\/pages\/537\/revisions"}],"predecessor-version":[{"id":1293,"href":"https:\/\/www.allgemeinarztpraxis.de\/index.php\/wp-json\/wp\/v2\/pages\/537\/revisions\/1293"}],"wp:attachment":[{"href":"https:\/\/www.allgemeinarztpraxis.de\/index.php\/wp-json\/wp\/v2\/media?parent=537"}],"curies":[{"name":"wp","href":"https:\/\/api.w.org\/{rel}","templated":true}]}}