{"id":848,"date":"2023-06-13T21:00:10","date_gmt":"2023-06-13T19:00:10","guid":{"rendered":"https:\/\/www.allgemeinarztpraxis.de\/?page_id=848"},"modified":"2025-02-19T11:12:01","modified_gmt":"2025-02-19T10:12:01","slug":"leistungen","status":"publish","type":"page","link":"https:\/\/www.allgemeinarztpraxis.de\/index.php\/leistungen\/","title":{"rendered":"Leistungen"},"content":{"rendered":"<p>[et_pb_section fb_built=&#8220;1&#8243; custom_padding_last_edited=&#8220;on|phone&#8220; _builder_version=&#8220;4.19.4&#8243; _module_preset=&#8220;default&#8220; custom_padding_tablet=&#8220;&#8220; custom_padding_phone=&#8220;10px||10px||true|false&#8220; global_colors_info=&#8220;{}&#8220;][et_pb_row custom_padding_last_edited=&#8220;on|tablet&#8220; _builder_version=&#8220;4.21.0&#8243; _module_preset=&#8220;default&#8220; custom_padding_tablet=&#8220;||0px||false|false&#8220; custom_padding_phone=&#8220;||0px||false|false&#8220; global_colors_info=&#8220;{}&#8220;][et_pb_column type=&#8220;4_4&#8243; _builder_version=&#8220;4.19.4&#8243; _module_preset=&#8220;default&#8220; global_colors_info=&#8220;{}&#8220;][et_pb_text _builder_version=&#8220;4.21.0&#8243; _module_preset=&#8220;default&#8220; text_font=&#8220;Roboto|700|||||||&#8220; text_text_color=&#8220;#6EA4CA&#8220; text_font_size=&#8220;60px&#8220; text_line_height=&#8220;1.2em&#8220; header_font=&#8220;Roboto|700|||||||&#8220; header_text_align=&#8220;center&#8220; header_text_color=&#8220;#6ea4ca&#8220; header_font_size=&#8220;60px&#8220; header_line_height=&#8220;1.2em&#8220; text_orientation=&#8220;center&#8220; width_tablet=&#8220;85%&#8220; width_phone=&#8220;85%&#8220; width_last_edited=&#8220;off|desktop&#8220; module_alignment=&#8220;left&#8220; custom_margin=&#8220;||8px|||&#8220; text_font_size_tablet=&#8220;36px&#8220; text_font_size_phone=&#8220;34px&#8220; text_font_size_last_edited=&#8220;on|phone&#8220; header_font_size_tablet=&#8220;60px&#8220; header_font_size_phone=&#8220;34px&#8220; header_font_size_last_edited=&#8220;on|phone&#8220; global_colors_info=&#8220;{}&#8220;]<\/p>\n<p>Allgemeinmedizin \u2013 Ein umfassendes Fundament f\u00fcr die Gesundheit<\/p>\n<p>[\/et_pb_text][\/et_pb_column][\/et_pb_row][et_pb_row column_structure=&#8220;1_2,1_2&#8243; _builder_version=&#8220;4.21.0&#8243; _module_preset=&#8220;default&#8220; max_width=&#8220;1500px&#8220; global_colors_info=&#8220;{}&#8220;][et_pb_column type=&#8220;1_2&#8243; _builder_version=&#8220;4.19.4&#8243; _module_preset=&#8220;default&#8220; global_colors_info=&#8220;{}&#8220;][et_pb_text content_last_edited=&#8220;off|tablet&#8220; _builder_version=&#8220;4.21.0&#8243; _module_preset=&#8220;default&#8220; text_font=&#8220;Roboto||||||||&#8220; text_text_color=&#8220;#565656&#8243; text_font_size=&#8220;20px&#8220; text_line_height=&#8220;1.5em&#8220; text_orientation=&#8220;right&#8220; width_tablet=&#8220;85%&#8220; width_phone=&#8220;85%&#8220; width_last_edited=&#8220;off|desktop&#8220; text_font_size_tablet=&#8220;20px&#8220; text_font_size_phone=&#8220;14px&#8220; text_font_size_last_edited=&#8220;on|phone&#8220; text_orientation_tablet=&#8220;center&#8220; text_orientation_phone=&#8220;center&#8220; text_orientation_last_edited=&#8220;on|phone&#8220; global_colors_info=&#8220;{}&#8220;]<\/p>\n<p>Als Facharztteam im Bereich Allgemeinmedizin und Innere Medizin sind wir Ihre ersten Ansprech\u00adpartner:innen bei Fragen rund um Ihre Gesundheit und Erkrankungen. Mit unserem breiten Leistungs\u00adspektrum sind wir da, um ihre medizinische Grund\u00adversorgung zu gew\u00e4hrleisten \u2013 ob bei k\u00f6rperlichen oder seelischen Beschwerden, in der Notfall-, Akut- oder Langzeit\u00adversorgung sowie in den Bereichen der Pr\u00e4vention oder Rehabilitation.<\/p>\n<p>Die Allgemein\u00admedizin umfasst \u2013 laut Definition \u2013 die lebens\u00adbegleitende haus\u00e4rztliche Betreuung von Menschen jeden Alters bei jeder Art der Gesundheits\u00adst\u00f6rung, unter Ber\u00fccksichtigung der biologischen, psychischen und sozialen Dimensionen ihrer gesund\u00adheitlichen Leiden, ihrer Probleme oder Gef\u00e4hrdungen und die medizinische Kompetenz zur Entscheidung \u00fcber das Hinzuziehen anderer \u00c4rzte und Angeh\u00f6riger von Fachberufen im Gesundheitswesen.<\/p>\n<p>[\/et_pb_text][\/et_pb_column][et_pb_column type=&#8220;1_2&#8243; _builder_version=&#8220;4.19.4&#8243; _module_preset=&#8220;default&#8220; global_colors_info=&#8220;{}&#8220;][et_pb_text content_last_edited=&#8220;off|tablet&#8220; _builder_version=&#8220;4.21.0&#8243; _module_preset=&#8220;default&#8220; text_font=&#8220;Roboto||||||||&#8220; text_text_color=&#8220;#565656&#8243; text_font_size=&#8220;20px&#8220; text_line_height=&#8220;1.5em&#8220; width_tablet=&#8220;85%&#8220; width_phone=&#8220;85%&#8220; width_last_edited=&#8220;off|desktop&#8220; text_font_size_tablet=&#8220;20px&#8220; text_font_size_phone=&#8220;14px&#8220; text_font_size_last_edited=&#8220;on|phone&#8220; text_orientation_tablet=&#8220;center&#8220; text_orientation_phone=&#8220;center&#8220; text_orientation_last_edited=&#8220;on|phone&#8220; global_colors_info=&#8220;{}&#8220;]<\/p>\n<p>Kurz gesagt: Wir begleiten viele unserer Patient:innen fast ein Leben lang bei all ihren gesundheitlichen Anliegen. Von Kindesbeinen auf bis ins hohe Alter kommt es dabei immer wieder auf verschiedene Dinge in verschiedenen Lebensphasen an. Immer wichtig dabei: Ein vertrauensvolles Verh\u00e4ltnis zwischen uns als Praxis-Team und Ihnen als Patientinnen und Patienten.<\/p>\n<p>Unser Qualit\u00e4tsziel ist es, der Ursache f\u00fcr eine Erkrankung individuell auf den Grund zu gehen, und als Fach\u00e4rzt:innen f\u00fcr Allgemein\u00admedizin unseren Patient:innen jederzeit sowohl Diagnostik als auch Therapie in hoher Qualit\u00e4t evidenz\u00adbasiert nach aktuellem Stand des Wissens anzubieten. Darauf haben Sie Anspruch!<\/p>\n<p>[\/et_pb_text][\/et_pb_column][\/et_pb_row][\/et_pb_section][et_pb_section fb_built=&#8220;1&#8243; fullwidth=&#8220;on&#8220; _builder_version=&#8220;4.19.4&#8243; _module_preset=&#8220;default&#8220; global_colors_info=&#8220;{}&#8220;][et_pb_fullwidth_image src=&#8220;https:\/\/www.allgemeinarztpraxis.de\/wp-content\/uploads\/2023\/06\/GP78-Praxis_0005_2023_04_27_Z621650-scaled-1.jpg&#8220; title_text=&#8220;GP78-Praxis_0005_2023_04_27_Z621650&#8243; _builder_version=&#8220;4.21.0&#8243; _module_preset=&#8220;default&#8220; global_colors_info=&#8220;{}&#8220;][\/et_pb_fullwidth_image][\/et_pb_section][et_pb_section fb_built=&#8220;1&#8243; _builder_version=&#8220;4.19.4&#8243; _module_preset=&#8220;default&#8220; background_color=&#8220;rgba(234,237,239,0.4)&#8220; width_tablet=&#8220;&#8220; width_phone=&#8220;100%&#8220; width_last_edited=&#8220;on|phone&#8220; global_colors_info=&#8220;{}&#8220;][et_pb_row column_structure=&#8220;1_2,1_2&#8243; make_equal=&#8220;on&#8220; custom_padding_last_edited=&#8220;on|tablet&#8220; _builder_version=&#8220;4.19.4&#8243; _module_preset=&#8220;default&#8220; width_tablet=&#8220;&#8220; width_phone=&#8220;90%&#8220; width_last_edited=&#8220;on|phone&#8220; custom_padding_tablet=&#8220;||0px||false|false&#8220; custom_padding_phone=&#8220;||0px||false|false&#8220; global_colors_info=&#8220;{}&#8220;][et_pb_column type=&#8220;1_2&#8243; _builder_version=&#8220;4.19.4&#8243; _module_preset=&#8220;default&#8220; background_color=&#8220;#FFFFFF&#8220; custom_padding=&#8220;40px||40px||true|false&#8220; border_radii=&#8220;on|25px|25px|25px|25px&#8220; box_shadow_style=&#8220;preset3&#8243; box_shadow_vertical=&#8220;3px&#8220; box_shadow_color=&#8220;rgba(0,0,0,0.1)&#8220; global_colors_info=&#8220;{}&#8220;][et_pb_icon font_icon=&#8220;&#xf0f1;||fa||900&#8243; icon_color=&#8220;#6EA4CA&#8220; icon_width=&#8220;40px&#8220; _builder_version=&#8220;4.19.4&#8243; _module_preset=&#8220;default&#8220; global_colors_info=&#8220;{}&#8220;][\/et_pb_icon][et_pb_text _builder_version=&#8220;4.19.4&#8243; _module_preset=&#8220;default&#8220; text_font=&#8220;Roboto|700|||||||&#8220; text_text_color=&#8220;#565656&#8243; text_font_size=&#8220;24px&#8220; header_font=&#8220;Roboto|700|||||||&#8220; header_text_color=&#8220;#6ea4ca&#8220; header_font_size=&#8220;60px&#8220; header_line_height=&#8220;1.2em&#8220; text_orientation=&#8220;center&#8220; module_alignment=&#8220;center&#8220; global_colors_info=&#8220;{}&#8220;]Diagnostik[\/et_pb_text][et_pb_text _builder_version=&#8220;4.21.0&#8243; _module_preset=&#8220;default&#8220; text_font=&#8220;Roboto||||||||&#8220; text_text_color=&#8220;#565656&#8243; text_font_size=&#8220;16px&#8220; text_line_height=&#8220;1.5em&#8220; text_orientation=&#8220;center&#8220; width=&#8220;90%&#8220; width_tablet=&#8220;90%&#8220; width_phone=&#8220;85%&#8220; width_last_edited=&#8220;on|phone&#8220; module_alignment=&#8220;center&#8220; text_font_size_tablet=&#8220;16px&#8220; text_font_size_phone=&#8220;14px&#8220; text_font_size_last_edited=&#8220;on|phone&#8220; global_colors_info=&#8220;{}&#8220;]<\/p>\n<p>EKG, Blutdruckmessung, Lungenfunktionspr\u00fcfung, Blutuntersuchungen, Urinuntersuchungen, Attestuntersuchungen, u.v.m.<\/p>\n<p>[\/et_pb_text][\/et_pb_column][et_pb_column type=&#8220;1_2&#8243; _builder_version=&#8220;4.19.4&#8243; _module_preset=&#8220;default&#8220; background_color=&#8220;#FFFFFF&#8220; custom_padding=&#8220;40px||40px||true|false&#8220; border_radii=&#8220;on|25px|25px|25px|25px&#8220; box_shadow_style=&#8220;preset3&#8243; box_shadow_vertical=&#8220;3px&#8220; box_shadow_color=&#8220;rgba(0,0,0,0.1)&#8220; global_colors_info=&#8220;{}&#8220;][et_pb_icon font_icon=&#8220;&#xf621;||fa||900&#8243; icon_color=&#8220;#6EA4CA&#8220; icon_width=&#8220;40px&#8220; _builder_version=&#8220;4.19.4&#8243; _module_preset=&#8220;default&#8220; global_colors_info=&#8220;{}&#8220;][\/et_pb_icon][et_pb_text _builder_version=&#8220;4.19.4&#8243; _module_preset=&#8220;default&#8220; text_font=&#8220;Roboto|700|||||||&#8220; text_text_color=&#8220;#565656&#8243; text_font_size=&#8220;24px&#8220; header_font=&#8220;Roboto|700|||||||&#8220; header_text_color=&#8220;#6ea4ca&#8220; header_font_size=&#8220;60px&#8220; header_line_height=&#8220;1.2em&#8220; text_orientation=&#8220;center&#8220; module_alignment=&#8220;center&#8220; global_colors_info=&#8220;{}&#8220;]Therapie[\/et_pb_text][et_pb_text _builder_version=&#8220;4.21.0&#8243; _module_preset=&#8220;default&#8220; text_font=&#8220;Roboto||||||||&#8220; text_text_color=&#8220;#565656&#8243; text_font_size=&#8220;16px&#8220; text_line_height=&#8220;1.5em&#8220; text_orientation=&#8220;center&#8220; width=&#8220;90%&#8220; width_tablet=&#8220;90%&#8220; width_phone=&#8220;85%&#8220; width_last_edited=&#8220;on|phone&#8220; module_alignment=&#8220;center&#8220; text_font_size_tablet=&#8220;16px&#8220; text_font_size_phone=&#8220;14px&#8220; text_font_size_last_edited=&#8220;on|phone&#8220; global_colors_info=&#8220;{}&#8220;]<\/p>\n<p>Betreuung bei akuten und chronischen Erkrankungen. Schmerztherapie, Chirurgische Wundversorgung, u.v.m.<\/p>\n<p>[\/et_pb_text][\/et_pb_column][\/et_pb_row][et_pb_row make_equal=&#8220;on&#8220; custom_padding_last_edited=&#8220;on|tablet&#8220; _builder_version=&#8220;4.19.4&#8243; _module_preset=&#8220;default&#8220; width_tablet=&#8220;&#8220; width_phone=&#8220;90%&#8220; width_last_edited=&#8220;on|phone&#8220; custom_padding_tablet=&#8220;||0px||false|false&#8220; custom_padding_phone=&#8220;||0px||false|false&#8220; global_colors_info=&#8220;{}&#8220;][et_pb_column type=&#8220;4_4&#8243; _builder_version=&#8220;4.19.4&#8243; _module_preset=&#8220;default&#8220; background_color=&#8220;#FFFFFF&#8220; custom_padding=&#8220;40px||40px||true|false&#8220; border_radii=&#8220;on|25px|25px|25px|25px&#8220; box_shadow_style=&#8220;preset3&#8243; box_shadow_vertical=&#8220;3px&#8220; box_shadow_color=&#8220;rgba(0,0,0,0.1)&#8220; global_colors_info=&#8220;{}&#8220;][et_pb_icon font_icon=&#8220;&#xe05c;||fa||900&#8243; icon_color=&#8220;#6EA4CA&#8220; icon_width=&#8220;40px&#8220; _builder_version=&#8220;4.19.4&#8243; _module_preset=&#8220;default&#8220; global_colors_info=&#8220;{}&#8220;][\/et_pb_icon][et_pb_text _builder_version=&#8220;4.19.4&#8243; _module_preset=&#8220;default&#8220; text_font=&#8220;Roboto|700|||||||&#8220; text_text_color=&#8220;#565656&#8243; text_font_size=&#8220;24px&#8220; header_font=&#8220;Roboto|700|||||||&#8220; header_text_color=&#8220;#6ea4ca&#8220; header_font_size=&#8220;60px&#8220; header_line_height=&#8220;1.2em&#8220; text_orientation=&#8220;center&#8220; module_alignment=&#8220;center&#8220; global_colors_info=&#8220;{}&#8220;]Vorsorge[\/et_pb_text][et_pb_text _builder_version=&#8220;4.19.4&#8243; _module_preset=&#8220;default&#8220; text_font=&#8220;Roboto||||||||&#8220; text_text_color=&#8220;#565656&#8243; text_font_size=&#8220;16px&#8220; text_line_height=&#8220;1.5em&#8220; text_orientation=&#8220;center&#8220; width=&#8220;90%&#8220; width_tablet=&#8220;90%&#8220; width_phone=&#8220;85%&#8220; width_last_edited=&#8220;on|phone&#8220; module_alignment=&#8220;center&#8220; text_font_size_tablet=&#8220;16px&#8220; text_font_size_phone=&#8220;14px&#8220; text_font_size_last_edited=&#8220;on|phone&#8220; global_colors_info=&#8220;{}&#8220;]Damit Gesundheit und Wohlbefinden m\u00f6glichst lange und auf allen Ebenen gut erhalten bleiben, hat das Thema Vorsorge eine gro\u00dfe Bedeutung in unserer Praxis: Regelm\u00e4\u00dfige Gesundheitschecks, aber auch Impfungen und Ern\u00e4hrungsberatungen spielen dabei eine wichtige Rolle. <\/p>\n<p>Ein paar der wichtigsten Untersuchungen und Themen aus dem Bereich Vorsorge und Gesundheitspr\u00e4vention haben wir hier f\u00fcr Sie zusammengestellt.[\/et_pb_text][et_pb_toggle title=&#8220;Check-up 35&#8243; closed_toggle_background_color=&#8220;RGBA(255,255,255,0)&#8220; icon_color=&#8220;#D9D7DE&#8220; use_icon_font_size=&#8220;on&#8220; icon_font_size=&#8220;24px&#8220; _builder_version=&#8220;4.19.4&#8243; _module_preset=&#8220;default&#8220; title_font=&#8220;Roboto|700|||||||&#8220; body_font=&#8220;Roboto||||||||&#8220; width=&#8220;93%&#8220; module_alignment=&#8220;center&#8220; custom_margin=&#8220;||20px||false|false&#8220; border_radii=&#8220;on|10px|10px|10px|10px&#8220; border_color_all=&#8220;#D9D7DE&#8220; global_colors_info=&#8220;{}&#8220;]<\/p>\n<p>Gesundheitsvorsorgeuntersuchung ab dem 35. Lebensjahr\u00a0(alle 3 Jahre f\u00fcr alle gesetzlich Versicherten).\u00a0Sie dient der Fr\u00fcherkennung von Herz-Kreislauf- und Nierenerkrankungen sowie des\u00a0Diabetes mellitus.<\/p>\n<p>\u00a0Was wird untersucht?<\/p>\n<p><strong>1. Herz und Kreislauf<\/strong><\/p>\n<p>Hier wird auf Risikofaktoren kontrolliert, die Pulsfrequenz bestimmt, darauf geachtet, ob\u00a0der Herzrhythmus regelm\u00e4\u00dfig ist, und Blutdruck gemessen. Ab 140\/90 mm Hg beginnt\u00a0der Bluthochdruck, der das Risiko f\u00fcr Schlaganfall, Herzinfarkt und Nierenversagen\u00a0deutlich erh\u00f6ht.\u00a0(Ein EKG oder ein Belastungs-EKG geh\u00f6ren nicht zum &#8222;Check-up 35&#8220;, k\u00f6nnen aber bei\u00a0entsprechenden Beschwerden zus\u00e4tzlich durchgef\u00fchrt werden.)<\/p>\n<p><strong>2. Blutwerte<\/strong><\/p>\n<p>F\u00fcr die Bestimmung der Blutwerte muss die Blutabnahme morgens n\u00fcchtern erfolgen. Bei\u00a0der Untersuchung im Rahmen des &#8222;Check-up 35&#8220; werden im Labor folgende Werte\u00a0ermittelt:<\/p>\n<p>a) der Blutzucker-Wert<br \/>b) die Spiegel von Gesamtcholesterin, Triglyceriden\u00a0sowie HDL- und LDL-Cholesterin.<\/p>\n<p><strong>3. Urinprobe<\/strong><\/p>\n<p>Zus\u00e4tzlich zur Blutprobe wird im Labor eine Urinprobe untersucht. Sie hilft,\u00a0Nierenerkrankungen, bakterielle Infektionen und Diabetes zu erkennen.\u00a0Bei Verdacht oder zum Ausschluss bestimmter Erkrankungen k\u00f6nnen weitere\u00a0Untersuchungen (z. B. zus\u00e4tzliche Laboruntersuchungen, Ultraschall,\u00a0Lungenfunktionspr\u00fcfung) durchgef\u00fchrt werden.<\/p>\n<p>[\/et_pb_toggle][et_pb_toggle title=&#8220;Einmaliger Check-up 18 \u2013 35 Jahre&#8220; closed_toggle_background_color=&#8220;RGBA(255,255,255,0)&#8220; icon_color=&#8220;#D9D7DE&#8220; use_icon_font_size=&#8220;on&#8220; icon_font_size=&#8220;24px&#8220; _builder_version=&#8220;4.19.4&#8243; _module_preset=&#8220;default&#8220; title_font=&#8220;Roboto|700|||||||&#8220; body_font=&#8220;Roboto||||||||&#8220; width=&#8220;93%&#8220; module_alignment=&#8220;center&#8220; custom_margin=&#8220;||20px||false|false&#8220; border_radii=&#8220;on|10px|10px|10px|10px&#8220; border_color_all=&#8220;#D9D7DE&#8220; global_colors_info=&#8220;{}&#8220;]<\/p>\n<p>Gesundheitsvorsorgeuntersuchung ab dem 18. Lebensjahr einmalig bis zum Alter von 35 Jahren. Sie dient der Fr\u00fcherkennung von Herz-Kreislauf- und Nierenerkrankungen sowie des Diabetes mellitus.<\/p>\n<p><em>Was wird untersucht?<\/em><\/p>\n<p><strong>1. Herz und Kreislauf<\/strong><\/p>\n<p>Hier wird auf Risikofaktoren kontrolliert, die Pulsfrequenz bestimmt, darauf geachtet, ob der Herzrhythmus regelm\u00e4\u00dfig ist, und Blutdruck gemessen. Ab 140\/90 mmHg beginnt der Bluthochdruck, der das Risiko f\u00fcr Schlaganfall, Herzinfarkt und Nierenversagen deutlich erh\u00f6ht. (Ein EKG oder ein Belastungs-EKG geh\u00f6ren nicht zum &#8222;Check-up 35&#8220;, k\u00f6nnen aber bei entsprechenden Beschwerden zus\u00e4tzlich durchgef\u00fchrt werden.)<\/p>\n<p><strong>2. Blutwerte<\/strong><\/p>\n<p>Anders als beim \u00fcblichen Check-Up ab 35 Jahren ist eine Blutabnahme hier kein fester Bestandteil. Labordiagnostik erfolgt jedoch ggf. zur Abkl\u00e4rung von k\u00f6rperlichen Beschwerden.<strong><\/strong><\/p>\n<p><strong>3. Urinprobe<\/strong><\/p>\n<p>Zus\u00e4tzlich zur Blutprobe wird im Labor eine Urinprobe untersucht. Sie hilft,\u00a0Nierenerkrankungen, bakterielle Infektionen und Diabetes zu erkennen.\u00a0Bei Verdacht oder zum Ausschluss bestimmter Erkrankungen k\u00f6nnen weitere\u00a0Untersuchungen (z. B. zus\u00e4tzliche Laboruntersuchungen, Ultraschall,\u00a0Lungenfunktionspr\u00fcfung) durchgef\u00fchrt werden.<\/p>\n<p>[\/et_pb_toggle][et_pb_toggle title=&#8220;Krebs-Vorsorgeuntersuchung f\u00fcr M\u00e4nner&#8220; closed_toggle_background_color=&#8220;RGBA(255,255,255,0)&#8220; icon_color=&#8220;#D9D7DE&#8220; use_icon_font_size=&#8220;on&#8220; icon_font_size=&#8220;24px&#8220; _builder_version=&#8220;4.19.4&#8243; _module_preset=&#8220;default&#8220; title_font=&#8220;Roboto|700|||||||&#8220; body_font=&#8220;Roboto||||||||&#8220; width=&#8220;93%&#8220; module_alignment=&#8220;center&#8220; custom_margin=&#8220;||20px||false|false&#8220; border_radii=&#8220;on|10px|10px|10px|10px&#8220; border_color_all=&#8220;#D9D7DE&#8220; global_colors_info=&#8220;{}&#8220;]<\/p>\n<p><strong>ab dem 45. Lebensjahr<\/strong><\/p>\n<p>Bei der Krebs-Vorsorgeuntersuchung werden die Abtastung der Prostata und die Untersuchung des Genitale von den Kassen \u00fcbernommen. Falls es danach Hinweise auf eine m\u00f6gliche Krebserkrankung gibt, erfolgen weitere Untersuchungen zur Abkl\u00e4rung des Verdachts.<\/p>\n<p>M\u00e4nner haben ab dem 45. Lebensjahr j\u00e4hrlich Anspruch auf eine Kontrolle der Prostata\u00a0und des Genitals.<\/p>\n<p><strong>Welche zus\u00e4tzlichen M\u00f6glichkeiten stehen zur Verf\u00fcgung?<\/strong><\/p>\n<p>Von den zahlreichen laborchemischen Tests gibt es f\u00fcr M\u00e4nner bisher nur einen Test, der f\u00fcr die Fr\u00fcherkennung von Tumoren geeignet ist: PSA (Prostata spezifisches Antigen). Dieser Test kann im Rahmen der Krebsvorsorge oder bei Blutuntersuchungen von Ihnen beauftragt werden. Die PSA-Bestimmung ist jedoch eine Selbstzahler-Leistung.\u00a0<\/p>\n<p>[\/et_pb_toggle][et_pb_toggle title=&#8220;Dickdarmkrebs-Vorsorge&#8220; closed_toggle_background_color=&#8220;RGBA(255,255,255,0)&#8220; icon_color=&#8220;#D9D7DE&#8220; use_icon_font_size=&#8220;on&#8220; icon_font_size=&#8220;24px&#8220; _builder_version=&#8220;4.19.4&#8243; _module_preset=&#8220;default&#8220; title_font=&#8220;Roboto|700|||||||&#8220; body_font=&#8220;Roboto||||||||&#8220; width=&#8220;93%&#8220; module_alignment=&#8220;center&#8220; custom_margin=&#8220;||20px||false|false&#8220; border_radii=&#8220;on|10px|10px|10px|10px&#8220; border_color_all=&#8220;#D9D7DE&#8220; global_colors_info=&#8220;{}&#8220;]<\/p>\n<p>Die Dickdarmkrebs-Vorsorge durch Testbriefchen zur Untersuchung des Stuhls auf Blut beginnt bei M\u00e4nnern und Frauen mit dem 50. Lebensjahr.\u00a0Ab dem 55. Lebensjahr bei Frauen und ab dem 50. Lebensjahr bei M\u00e4nnern werden von den Kassen die Kosten f\u00fcr eine Dickdarmspiegelung \u00fcbernommen.<\/p>\n<p>[\/et_pb_toggle][et_pb_toggle title=&#8220;Hautkrebs-Vorsorgeuntersuchung&#8220; closed_toggle_background_color=&#8220;RGBA(255,255,255,0)&#8220; icon_color=&#8220;#D9D7DE&#8220; use_icon_font_size=&#8220;on&#8220; icon_font_size=&#8220;24px&#8220; _builder_version=&#8220;4.19.4&#8243; _module_preset=&#8220;default&#8220; title_font=&#8220;Roboto|700|||||||&#8220; body_font=&#8220;Roboto||||||||&#8220; width=&#8220;93%&#8220; module_alignment=&#8220;center&#8220; custom_margin=&#8220;||20px||false|false&#8220; border_radii=&#8220;on|10px|10px|10px|10px&#8220; border_color_all=&#8220;#D9D7DE&#8220; global_colors_info=&#8220;{}&#8220;]<\/p>\n<p><strong>Ab dem 35. Lebensjahr<\/strong><\/p>\n<p>Bei der Hautkrebs-Vorsorgeuntersuchung wird seit Juli 2008 die vollst\u00e4ndige Untersuchung der Haut auf Hauttumore und Vorstufen (Basaliom, Spinaliom, Melanom) von den Kassen \u00fcbernommen.\u00a0Falls es danach Hinweise auf eine m\u00f6gliche Krebserkrankung gibt, erfolgen weitere Untersuchungen zur Abkl\u00e4rung des Verdachts bei einer Haut\u00e4rztin.<\/p>\n<p><em>Gesetzlich Versicherte haben ab dem 35. Lebensjahr alle 2 Jahre Anspruch auf ein\u00a0HautkrebsScreening.<\/em><\/p>\n<p>[\/et_pb_toggle][et_pb_toggle title=&#8220;Testament und Vorsorgevollmacht&#8220; closed_toggle_background_color=&#8220;RGBA(255,255,255,0)&#8220; icon_color=&#8220;#D9D7DE&#8220; use_icon_font_size=&#8220;on&#8220; icon_font_size=&#8220;24px&#8220; _builder_version=&#8220;4.21.0&#8243; _module_preset=&#8220;default&#8220; title_font=&#8220;Roboto|700|||||||&#8220; body_font=&#8220;Roboto||||||||&#8220; width=&#8220;93%&#8220; module_alignment=&#8220;center&#8220; border_radii=&#8220;on|10px|10px|10px|10px&#8220; border_color_all=&#8220;#D9D7DE&#8220; global_colors_info=&#8220;{}&#8220;]<\/p>\n<p>Sicherlich denkt niemand gerne an schwere Krankheit oder gar den Tod. Vielleicht sollte man sich trotzdem in Zeiten guter Gesundheit einige Gedanken \u00fcber eigene W\u00fcnsche und Vorstellungen f\u00fcr den Fall einer unheilbaren Erkrankung und dem Umgang damit machen.<\/p>\n<p>Sollten Sie Interesse an rechtsg\u00fcltigen Entw\u00fcrfen zur Regelung aller Unsicherheiten haben, so leiten wir Sie <a href=\"https:\/\/www.bmj.de\/SiteGlobals\/Forms\/Suche\/Publikationensuche_Formular.html\" target=\"_blank\" rel=\"noopener\">hier<\/a> gerne zur Seite des Bundesministerium der Justiz weiter.<\/p>\n<p>[\/et_pb_toggle][\/et_pb_column][\/et_pb_row][et_pb_row column_structure=&#8220;1_2,1_2&#8243; make_equal=&#8220;on&#8220; custom_padding_last_edited=&#8220;on|tablet&#8220; _builder_version=&#8220;4.27.3&#8243; _module_preset=&#8220;default&#8220; width_tablet=&#8220;&#8220; width_phone=&#8220;90%&#8220; width_last_edited=&#8220;on|phone&#8220; custom_padding_tablet=&#8220;||0px||false|false&#8220; custom_padding_phone=&#8220;||0px||false|false&#8220; hover_enabled=&#8220;0&#8243; global_colors_info=&#8220;{}&#8220; disabled_on=&#8220;on|on|on&#8220; disabled=&#8220;on&#8220; sticky_enabled=&#8220;0&#8243;][et_pb_column type=&#8220;1_2&#8243; _builder_version=&#8220;4.19.4&#8243; _module_preset=&#8220;default&#8220; background_color=&#8220;#FFFFFF&#8220; custom_padding=&#8220;40px||40px||true|false&#8220; border_radii=&#8220;on|25px|25px|25px|25px&#8220; box_shadow_style=&#8220;preset3&#8243; box_shadow_vertical=&#8220;3px&#8220; box_shadow_color=&#8220;rgba(0,0,0,0.1)&#8220; global_colors_info=&#8220;{}&#8220;][et_pb_icon font_icon=&#8220;&#xf072;||fa||900&#8243; icon_color=&#8220;#6EA4CA&#8220; icon_width=&#8220;40px&#8220; _builder_version=&#8220;4.19.4&#8243; _module_preset=&#8220;default&#8220; global_colors_info=&#8220;{}&#8220;][\/et_pb_icon][et_pb_text _builder_version=&#8220;4.19.4&#8243; _module_preset=&#8220;default&#8220; text_font=&#8220;Roboto|700|||||||&#8220; text_text_color=&#8220;#565656&#8243; text_font_size=&#8220;24px&#8220; header_font=&#8220;Roboto|700|||||||&#8220; header_text_color=&#8220;#6ea4ca&#8220; header_font_size=&#8220;60px&#8220; header_line_height=&#8220;1.2em&#8220; text_orientation=&#8220;center&#8220; module_alignment=&#8220;center&#8220; global_colors_info=&#8220;{}&#8220;]Flugmedizin[\/et_pb_text][et_pb_text _builder_version=&#8220;4.19.4&#8243; _module_preset=&#8220;default&#8220; text_font=&#8220;Roboto||||||||&#8220; text_text_color=&#8220;#565656&#8243; text_font_size=&#8220;16px&#8220; text_line_height=&#8220;1.5em&#8220; text_orientation=&#8220;center&#8220; width=&#8220;90%&#8220; width_tablet=&#8220;90%&#8220; width_phone=&#8220;85%&#8220; width_last_edited=&#8220;on|phone&#8220; module_alignment=&#8220;center&#8220; text_font_size_tablet=&#8220;16px&#8220; text_font_size_phone=&#8220;14px&#8220; text_font_size_last_edited=&#8220;on|phone&#8220; global_colors_info=&#8220;{}&#8220;]<\/p>\n<p>Flugmedizinische Untersuchung<\/p>\n<p>Als durch das Luftfahrtbundesamt (LBA) zugelassener Fliegerarzt f\u00fchrt Dr. Holland Flugtauglichkeitsuntersuchungen der Klasse 2 und LAPL f\u00fcr Privatpilot:innen durch.<\/p>\n<p>Bitte kl\u00e4ren Sie vor der Untersuchung mit unserem Praxis-Team ab, welche Voruntersuchungen (z. B. augen\u00e4rztlicher Check) und welche Dokumente f\u00fcr die Ausstellung des Tauglichkeitszeugnisses notwendig sind.<\/p>\n<p>[\/et_pb_text][et_pb_toggle title=&#8220;Mehr Informationen&#8220; closed_toggle_background_color=&#8220;RGBA(255,255,255,0)&#8220; icon_color=&#8220;#D9D7DE&#8220; use_icon_font_size=&#8220;on&#8220; icon_font_size=&#8220;24px&#8220; _builder_version=&#8220;4.27.0&#8243; _module_preset=&#8220;default&#8220; title_font=&#8220;Roboto|700|||||||&#8220; body_font=&#8220;Roboto||||||||&#8220; width=&#8220;93%&#8220; module_alignment=&#8220;center&#8220; border_radii=&#8220;on|10px|10px|10px|10px&#8220; border_color_all=&#8220;#D9D7DE&#8220; global_colors_info=&#8220;{}&#8220;]<\/p>\n<p>Vor der Terminvereinbarung bei erster Vorstellung in unserer Praxis:<\/p>\n<p style=\"text-align: left;\">Bitte laden Sie sich den <a href=\"https:\/\/www.allgemeinarztpraxis.de\/wp-content\/uploads\/2024\/09\/Anamnesebogen-Flugmedizin-V2.pdf\" rel=\"attachment wp-att-1234\">Anamnesebogen<\/a> von der Homepage herunter, f\u00fcllen diesen aus und lassen ihn uns per Mail (<a href=\"mailto:mail@agmed.de\">mail@agmed.de<\/a>) zukommen. Wir pr\u00fcfen dann vorab, welche Befunde oder andere medizinische Unterlagen zur Tauglichkeitsuntersuchung mitgebracht werden m\u00fcssen.<\/p>\n<p>Eine Terminvereinbarung kann erst nach Eingang der ausf\u00fcllten Antrags erfolgen!<\/p>\n<p>Zur eigentlichen Untersuchung bringen Sie bitte folgende Unterlagen mit:<\/p>\n<ul>\n<li style=\"text-align: left;\">Ausgef\u00fclltes Augenarzt-Zeugnis (bei Erstuntersuchung f\u00fcr Privatpilot:innen)<\/li>\n<li style=\"text-align: left;\">Personalausweis oder Reisepass<\/li>\n<li style=\"text-align: left;\">Luftfahrt-Lizenz (sofern vorhanden)<\/li>\n<li style=\"text-align: left;\">bisheriges andernorts ausgestelltes Flugtauglichkeitszeugnis<\/li>\n<li style=\"text-align: left;\">Ihr Flugbuch (analog oder digital)<\/li>\n<\/ul>\n<p>Weiterf\u00fchrende Informationen sowie rechtliche Vorschriften zum Bereich der Flugmedizin finden Sie auch auf der <a href=\"https:\/\/www.lba.de\/DE\/Luftfahrtpersonal\/Flugmedizin\/Flugmedizin_node.html\">Website des Luftfahrt-Bundesamtes<\/a>.<\/p>\n<p>[\/et_pb_toggle][\/et_pb_column][et_pb_column type=&#8220;1_2&#8243; _builder_version=&#8220;4.19.4&#8243; _module_preset=&#8220;default&#8220; background_color=&#8220;#FFFFFF&#8220; custom_padding=&#8220;40px||40px||true|false&#8220; border_radii=&#8220;on|25px|25px|25px|25px&#8220; box_shadow_style=&#8220;preset3&#8243; box_shadow_vertical=&#8220;3px&#8220; box_shadow_color=&#8220;rgba(0,0,0,0.1)&#8220; global_colors_info=&#8220;{}&#8220;][et_pb_icon font_icon=&#8220;&#xf621;||fa||900&#8243; icon_color=&#8220;#6EA4CA&#8220; icon_width=&#8220;40px&#8220; _builder_version=&#8220;4.19.4&#8243; _module_preset=&#8220;default&#8220; global_colors_info=&#8220;{}&#8220;][\/et_pb_icon][et_pb_text _builder_version=&#8220;4.19.4&#8243; _module_preset=&#8220;default&#8220; text_font=&#8220;Roboto|700|||||||&#8220; text_text_color=&#8220;#565656&#8243; text_font_size=&#8220;24px&#8220; header_font=&#8220;Roboto|700|||||||&#8220; header_text_color=&#8220;#6ea4ca&#8220; header_font_size=&#8220;60px&#8220; header_line_height=&#8220;1.2em&#8220; text_orientation=&#8220;center&#8220; module_alignment=&#8220;center&#8220; global_colors_info=&#8220;{}&#8220;]<\/p>\n<p>Corona \/ COVID-19<\/p>\n<p>[\/et_pb_text][et_pb_text _builder_version=&#8220;4.19.4&#8243; _module_preset=&#8220;default&#8220; text_font=&#8220;Roboto||||||||&#8220; text_text_color=&#8220;#565656&#8243; text_font_size=&#8220;16px&#8220; text_line_height=&#8220;1.5em&#8220; text_orientation=&#8220;center&#8220; width=&#8220;90%&#8220; width_tablet=&#8220;90%&#8220; width_phone=&#8220;85%&#8220; width_last_edited=&#8220;on|phone&#8220; module_alignment=&#8220;center&#8220; text_font_size_tablet=&#8220;16px&#8220; text_font_size_phone=&#8220;14px&#8220; text_font_size_last_edited=&#8220;on|phone&#8220; global_colors_info=&#8220;{}&#8220;]<\/p>\n<p>Bei Infektionsverdacht wichtig:<\/p>\n<p>\u2022 Bitte rufen Sie zun\u00e4chst in unserer Praxis an, wenn Sie unter Infekt-Symptomen\u00a0jeglicher Art und Schwere leiden.<br \/>\u2022 Sowohl unsere R\u00e4umlichkeiten als auch das medizinische Personal machen eine\u00a0Untersuchung und ggf. Abstrichentnahme in unserer Praxis m\u00f6glich.<br \/>\u2022 Vorrang haben immer Patient:innen mit Krankheitssymptomen.<br \/>\u2022 Kommen Sie bitte p\u00fcnktlich zu dem genannten Termin. Hiermit sollen Ansammlungen\u00a0von Patient:innen vermieden werden.<\/p>\n<p>[\/et_pb_text][\/et_pb_column][\/et_pb_row][\/et_pb_section][et_pb_section fb_built=&#8220;1&#8243; disabled_on=&#8220;off|off|off&#8220; _builder_version=&#8220;4.19.4&#8243; _module_preset=&#8220;default&#8220; background_color=&#8220;#565656&#8243; global_colors_info=&#8220;{}&#8220;][et_pb_row make_equal=&#8220;on&#8220; custom_padding_last_edited=&#8220;on|tablet&#8220; _builder_version=&#8220;4.19.4&#8243; _module_preset=&#8220;default&#8220; width_tablet=&#8220;&#8220; width_phone=&#8220;90%&#8220; width_last_edited=&#8220;on|phone&#8220; custom_padding_tablet=&#8220;||0px||false|false&#8220; custom_padding_phone=&#8220;||0px||false|false&#8220; global_colors_info=&#8220;{}&#8220;][et_pb_column type=&#8220;4_4&#8243; _builder_version=&#8220;4.19.4&#8243; _module_preset=&#8220;default&#8220; background_color=&#8220;#FFFFFF&#8220; custom_padding=&#8220;40px||40px||true|false&#8220; border_radii=&#8220;on|25px|25px|25px|25px&#8220; box_shadow_style=&#8220;preset3&#8243; box_shadow_vertical=&#8220;3px&#8220; box_shadow_color=&#8220;rgba(0,0,0,0.1)&#8220; global_colors_info=&#8220;{}&#8220;][et_pb_icon font_icon=&#8220;&#x69;||divi||400&#8243; icon_color=&#8220;#6EA4CA&#8220; icon_width=&#8220;40px&#8220; _builder_version=&#8220;4.21.0&#8243; _module_preset=&#8220;default&#8220; global_colors_info=&#8220;{}&#8220;][\/et_pb_icon][et_pb_text _builder_version=&#8220;4.21.0&#8243; _module_preset=&#8220;default&#8220; text_font=&#8220;Roboto|700|||||||&#8220; text_text_color=&#8220;#565656&#8243; text_font_size=&#8220;24px&#8220; header_font=&#8220;Roboto|700|||||||&#8220; header_text_color=&#8220;#6ea4ca&#8220; header_font_size=&#8220;60px&#8220; header_line_height=&#8220;1.2em&#8220; text_orientation=&#8220;center&#8220; module_alignment=&#8220;center&#8220; global_colors_info=&#8220;{}&#8220;]<\/p>\n<p>Testament und Vorsorgevollmacht<\/p>\n<p>[\/et_pb_text][et_pb_text _builder_version=&#8220;4.21.0&#8243; _module_preset=&#8220;default&#8220; text_font=&#8220;Roboto||||||||&#8220; text_text_color=&#8220;#565656&#8243; text_font_size=&#8220;16px&#8220; text_line_height=&#8220;1.5em&#8220; link_font=&#8220;||||on|||#6EA4CA|&#8220; link_text_color=&#8220;#6EA4CA&#8220; text_orientation=&#8220;center&#8220; width=&#8220;90%&#8220; width_tablet=&#8220;90%&#8220; width_phone=&#8220;85%&#8220; width_last_edited=&#8220;on|phone&#8220; module_alignment=&#8220;center&#8220; text_font_size_tablet=&#8220;16px&#8220; text_font_size_phone=&#8220;14px&#8220; text_font_size_last_edited=&#8220;on|phone&#8220; global_colors_info=&#8220;{}&#8220;]Sicherlich denkt niemand gerne an schwere Krankheit oder gar den Tod. Vielleicht sollte man sich trotzdem in Zeiten guter Gesundheit einige Gedanken \u00fcber eigene W\u00fcnsche und Vorstellungen f\u00fcr den Fall einer unheilbaren Erkrankung und dem Umgang damit machen.<\/p>\n<p>Sollten Sie Interesse an rechtsg\u00fcltigen Entw\u00fcrfen zur Regelung aller Unsicherheiten haben, so leiten wir Sie gerne zur Seite des Bundesministerium der Justiz weiter. Klicken Sie dazu einfach auf das Logo, unten.[\/et_pb_text][et_pb_image src=&#8220;https:\/\/www.allgemeinarztpraxis.de\/wp-content\/uploads\/2023\/06\/Logo_Bundesamt_fuer_Justiz.svg_.png&#8220; title_text=&#8220;Logo_Bundesamt_f\u00fcr_Justiz.svg&#8220; url=&#8220;https:\/\/www.bmj.de\/SiteGlobals\/Forms\/Suche\/Publikationensuche_Formular.html&#8220; url_new_window=&#8220;on&#8220; align=&#8220;center&#8220; _builder_version=&#8220;4.21.0&#8243; _module_preset=&#8220;default&#8220; transform_scale_tablet=&#8220;&#8220; transform_scale_phone=&#8220;&#8220; transform_scale_last_edited=&#8220;on|desktop&#8220; transform_translate=&#8220;10px|10px&#8220; transform_translate_tablet=&#8220;10px|10px&#8220; transform_translate_phone=&#8220;10px|10px&#8220; transform_translate_last_edited=&#8220;on|desktop&#8220; transform_rotate_tablet=&#8220;&#8220; transform_rotate_phone=&#8220;&#8220; transform_rotate_last_edited=&#8220;on|desktop&#8220; transform_skew_tablet=&#8220;&#8220; transform_skew_phone=&#8220;&#8220; transform_skew_last_edited=&#8220;on|desktop&#8220; transform_origin_tablet=&#8220;&#8220; transform_origin_phone=&#8220;&#8220; transform_origin_last_edited=&#8220;on|desktop&#8220; transform_styles_last_edited=&#8220;on|desktop&#8220; width=&#8220;30%&#8220; max_width_tablet=&#8220;75%&#8220; max_width_phone=&#8220;75%&#8220; max_width_last_edited=&#8220;on|tablet&#8220; module_alignment=&#8220;center&#8220; transform_styles_tablet=&#8220;&#8220; transform_styles_phone=&#8220;&#8220; global_colors_info=&#8220;{}&#8220; transform_styles__hover_enabled=&#8220;off|desktop&#8220; transform_scale__hover_enabled=&#8220;off|desktop&#8220; transform_translate__hover_enabled=&#8220;off|desktop&#8220; transform_rotate__hover_enabled=&#8220;off|desktop&#8220; transform_skew__hover_enabled=&#8220;off|desktop&#8220; transform_origin__hover_enabled=&#8220;off|desktop&#8220;][\/et_pb_image][\/et_pb_column][\/et_pb_row][et_pb_row make_equal=&#8220;on&#8220; custom_padding_last_edited=&#8220;on|tablet&#8220; _builder_version=&#8220;4.19.4&#8243; _module_preset=&#8220;default&#8220; width_tablet=&#8220;&#8220; width_phone=&#8220;90%&#8220; width_last_edited=&#8220;on|phone&#8220; custom_padding_tablet=&#8220;||0px||false|false&#8220; custom_padding_phone=&#8220;||0px||false|false&#8220; global_colors_info=&#8220;{}&#8220;][et_pb_column type=&#8220;4_4&#8243; _builder_version=&#8220;4.19.4&#8243; _module_preset=&#8220;default&#8220; background_color=&#8220;#FFFFFF&#8220; custom_padding=&#8220;40px||40px||true|false&#8220; border_radii=&#8220;on|25px|25px|25px|25px&#8220; box_shadow_style=&#8220;preset3&#8243; box_shadow_vertical=&#8220;3px&#8220; box_shadow_color=&#8220;rgba(0,0,0,0.1)&#8220; global_colors_info=&#8220;{}&#8220;][et_pb_icon font_icon=&#8220;&#xf48e;||fa||900&#8243; icon_color=&#8220;#6EA4CA&#8220; icon_width=&#8220;40px&#8220; _builder_version=&#8220;4.19.4&#8243; _module_preset=&#8220;default&#8220; global_colors_info=&#8220;{}&#8220;][\/et_pb_icon][et_pb_text _builder_version=&#8220;4.19.4&#8243; _module_preset=&#8220;default&#8220; text_font=&#8220;Roboto|700|||||||&#8220; text_text_color=&#8220;#565656&#8243; text_font_size=&#8220;24px&#8220; header_font=&#8220;Roboto|700|||||||&#8220; header_text_color=&#8220;#6ea4ca&#8220; header_font_size=&#8220;60px&#8220; header_line_height=&#8220;1.2em&#8220; text_orientation=&#8220;center&#8220; module_alignment=&#8220;center&#8220; global_colors_info=&#8220;{}&#8220;]Impfungen gegen COVID-19 [\/et_pb_text][et_pb_text _builder_version=&#8220;4.27.0&#8243; _module_preset=&#8220;default&#8220; text_font=&#8220;Roboto||||||||&#8220; text_text_color=&#8220;#565656&#8243; text_font_size=&#8220;16px&#8220; text_line_height=&#8220;1.5em&#8220; link_font=&#8220;||||on|||#6EA4CA|&#8220; link_text_color=&#8220;#6EA4CA&#8220; text_orientation=&#8220;center&#8220; width=&#8220;90%&#8220; width_tablet=&#8220;90%&#8220; width_phone=&#8220;85%&#8220; width_last_edited=&#8220;on|phone&#8220; module_alignment=&#8220;center&#8220; custom_margin=&#8220;||50px|||&#8220; text_font_size_tablet=&#8220;16px&#8220; text_font_size_phone=&#8220;14px&#8220; text_font_size_last_edited=&#8220;on|phone&#8220; global_colors_info=&#8220;{}&#8220;]<\/p>\n<p>Wir f\u00fchren alle von der STIKO empfohlenen Impfungen gegen Covid-19 durch (Grundimmunisierung, Boosterung, j\u00e4hrliche Auffrischimpfung).<\/p>\n<p>Bitte bringen Sie zum Impftermin Ihren Impfpass mit, au\u00dferdem im Falle einer Grundimmunisierung oder sofern die vorangegangenen Impfungen nicht bei uns erfolgt sind einen Aufkl\u00e4rungsbogen zur Corona-Impfung. Diesen erhalten Sie entweder weiter unten als Download beim RKI oder vorab bei uns in der Praxis.<\/p>\n<p>Zeit: F\u00fcr eine Corona-Impfung ist eine Nachbeobachtung f\u00fcr ca. 15 Minuten vorgesehen. Bei wiederholter Impfung mit demselben Impfstoff kann diese auch verk\u00fcrzt werden.<\/p>\n<p>Das Robert-Koch-Institut hat Aufkl\u00e4rungsmerkbl\u00e4tter zur COVID-19-Impfung zusammengestellt \u2013 sowohl f\u00fcr die Impfung mit mRNA-Impfstoff (BioNTech\/Pfizer und Moderna) als auch mit Vektorimpfstoff (AstraZeneca und Johnson &amp; Johnson).<\/p>\n<p>Alle Aufkl\u00e4rungsb\u00f6gen sind auf der <a href=\"https:\/\/www.rki.de\/DE\/Home\/homepage_node.html\" target=\"_blank\" rel=\"noopener\">Internetseite des Robert-Koch-Instituts<\/a> in verschiedenen Sprachen herunterladbar.<\/p>\n<p>[\/et_pb_text][et_pb_image src=&#8220;https:\/\/www.allgemeinarztpraxis.de\/wp-content\/uploads\/2023\/06\/2560px-RKI-Logo.svg_.png&#8220; title_text=&#8220;2560px-RKI-Logo.svg&#8220; url=&#8220;https:\/\/www.rki.de\/DE\/Home\/homepage_node.html&#8220; url_new_window=&#8220;on&#8220; _builder_version=&#8220;4.21.0&#8243; _module_preset=&#8220;default&#8220; width=&#8220;30%&#8220; max_width_tablet=&#8220;75%&#8220; max_width_phone=&#8220;75%&#8220; max_width_last_edited=&#8220;on|tablet&#8220; module_alignment=&#8220;center&#8220; global_colors_info=&#8220;{}&#8220;][\/et_pb_image][\/et_pb_column][\/et_pb_row][\/et_pb_section][et_pb_section fb_built=&#8220;1&#8243; module_id=&#8220;footer&#8220; module_class=&#8220;two-columns&#8220; _builder_version=&#8220;4.21.0&#8243; _module_preset=&#8220;default&#8220; background_color=&#8220;#6EA4CA&#8220; custom_padding=&#8220;||30px||false|false&#8220; global_module=&#8220;1074&#8243; saved_tabs=&#8220;all&#8220; global_colors_info=&#8220;{}&#8220;][et_pb_row _builder_version=&#8220;4.19.4&#8243; _module_preset=&#8220;default&#8220; width_tablet=&#8220;50%&#8220; width_phone=&#8220;70%&#8220; width_last_edited=&#8220;on|phone&#8220; custom_padding=&#8220;0px||0px||true|false&#8220; global_colors_info=&#8220;{}&#8220;][et_pb_column type=&#8220;4_4&#8243; _builder_version=&#8220;4.19.4&#8243; _module_preset=&#8220;default&#8220; global_colors_info=&#8220;{}&#8220;][et_pb_image src=&#8220;https:\/\/www.allgemeinarztpraxis.de\/wp-content\/uploads\/2023\/06\/GP-78-Logo.png&#8220; title_text=&#8220;GP 78 &#8211; Logo&#8220; _builder_version=&#8220;4.27.0&#8243; _module_preset=&#8220;default&#8220; width=&#8220;50%&#8220; width_tablet=&#8220;&#8220; width_phone=&#8220;100%&#8220; width_last_edited=&#8220;on|phone&#8220; module_alignment=&#8220;center&#8220; global_colors_info=&#8220;{}&#8220;][\/et_pb_image][\/et_pb_column][\/et_pb_row][et_pb_row _builder_version=&#8220;4.19.4&#8243; _module_preset=&#8220;default&#8220; global_colors_info=&#8220;{}&#8220;][et_pb_column type=&#8220;4_4&#8243; _builder_version=&#8220;4.19.4&#8243; _module_preset=&#8220;default&#8220; global_colors_info=&#8220;{}&#8220;][et_pb_divider color=&#8220;rgba(255,255,255,0.25)&#8220; divider_position=&#8220;center&#8220; divider_weight=&#8220;3px&#8220; _builder_version=&#8220;4.19.4&#8243; _module_preset=&#8220;default&#8220; width=&#8220;50%&#8220; module_alignment=&#8220;center&#8220; global_colors_info=&#8220;{}&#8220;][\/et_pb_divider][et_pb_text content_phone=&#8220;<\/p>\n<p style=%22text-align: center;%22>Dr. med. Johannes Holland<\/p>\n<p>&#8220; content_last_edited=&#8220;off|desktop&#8220; _builder_version=&#8220;4.19.4&#8243; _module_preset=&#8220;default&#8220; text_font=&#8220;Roboto|700|||||||&#8220; text_text_color=&#8220;#FFFFFF&#8220; text_font_size=&#8220;16px&#8220; header_font=&#8220;Roboto|700|||||||&#8220; header_text_color=&#8220;#6ea4ca&#8220; header_font_size=&#8220;60px&#8220; header_line_height=&#8220;1.2em&#8220; module_alignment=&#8220;right&#8220; custom_margin=&#8220;||5px||false|false&#8220; global_colors_info=&#8220;{}&#8220;]<\/p>\n<p style=\"text-align: center;\">Gemeinschaftspraxis f\u00fcr Allgemeine &amp; Innere Medizin<\/p>\n<p>[\/et_pb_text][et_pb_text content_phone=&#8220;<\/p>\n<p style=%22text-align: center;%22>Facharzt f\u00fcr Allgemeinmedizin<br \/>Flieger\u00e4rztliche Untersuchungsstelle AME<\/p>\n<p>&#8220; content_last_edited=&#8220;off|desktop&#8220; _builder_version=&#8220;4.21.0&#8243; _module_preset=&#8220;default&#8220; text_font=&#8220;Roboto||||||||&#8220; text_text_color=&#8220;rgba(255,255,255,0.85)&#8220; text_line_height=&#8220;1.5em&#8220; link_font=&#8220;||||on||||&#8220; link_text_color=&#8220;#FFFFFF&#8220; module_alignment=&#8220;left&#8220; global_colors_info=&#8220;{}&#8220;]<\/p>\n<p style=\"text-align: center;\">Meppener Stra\u00dfe 78<br \/>49808 Lingen (Ems)<br \/>Tel: (0591) 6038<br \/>(0591) 6039<br \/>Fax: (0591) 66368<br \/>Mail: <a href=\"mailto:mail@agmed.de\">mail@agmed.de<\/a><\/p>\n<p>[\/et_pb_text][et_pb_divider color=&#8220;rgba(255,255,255,0.25)&#8220; divider_position=&#8220;center&#8220; divider_weight=&#8220;3px&#8220; _builder_version=&#8220;4.19.4&#8243; _module_preset=&#8220;default&#8220; width=&#8220;50%&#8220; module_alignment=&#8220;center&#8220; global_colors_info=&#8220;{}&#8220;][\/et_pb_divider][\/et_pb_column][\/et_pb_row][et_pb_row column_structure=&#8220;1_2,1_2&#8243; module_class=&#8220;zweispalten&#8220; _builder_version=&#8220;4.21.0&#8243; _module_preset=&#8220;default&#8220; width_tablet=&#8220;&#8220; width_phone=&#8220;95%&#8220; width_last_edited=&#8220;on|phone&#8220; custom_padding=&#8220;0px||0px||true|false&#8220; global_colors_info=&#8220;{}&#8220;][et_pb_column type=&#8220;1_2&#8243; _builder_version=&#8220;4.21.0&#8243; _module_preset=&#8220;default&#8220; custom_padding_tablet=&#8220;|20px|||false|false&#8220; custom_padding_phone=&#8220;|10px|||false|false&#8220; custom_padding_last_edited=&#8220;on|tablet&#8220; global_colors_info=&#8220;{}&#8220;][et_pb_text content_tablet=&#8220;<\/p>\n<p style=%22text-align: center;%22>Dr. med. Johannes Holland<\/p>\n<p>&#8220; content_phone=&#8220;<\/p>\n<p style=%22text-align: center;%22>Dr. med. Johannes Holland<\/p>\n<p>&#8220; content_last_edited=&#8220;off|tablet&#8220; _builder_version=&#8220;4.19.4&#8243; _module_preset=&#8220;default&#8220; text_font=&#8220;Roboto|700|||||||&#8220; text_text_color=&#8220;#FFFFFF&#8220; text_font_size=&#8220;16px&#8220; header_font=&#8220;Roboto|700|||||||&#8220; header_text_color=&#8220;#6ea4ca&#8220; header_font_size=&#8220;60px&#8220; header_line_height=&#8220;1.2em&#8220; text_orientation=&#8220;right&#8220; module_alignment=&#8220;right&#8220; custom_margin=&#8220;||5px||false|false&#8220; text_orientation_tablet=&#8220;&#8220; text_orientation_phone=&#8220;&#8220; text_orientation_last_edited=&#8220;on|desktop&#8220; global_colors_info=&#8220;{}&#8220;]Dr. med. Johannes Holland[\/et_pb_text][et_pb_text content_tablet=&#8220;<\/p>\n<p style=%22text-align: center;%22>Facharzt f\u00fcr Allgemeinmedizin<br \/>Flieger\u00e4rztliche Untersuchungsstelle AME<\/p>\n<p>&#8220; content_phone=&#8220;<\/p>\n<p style=%22text-align: center;%22>Facharzt f\u00fcr Allgemeinmedizin<br \/>Flieger\u00e4rztliche Untersuchungsstelle AME<\/p>\n<p>&#8220; content_last_edited=&#8220;off|tablet&#8220; _builder_version=&#8220;4.27.3&#8243; _module_preset=&#8220;default&#8220; text_font=&#8220;Roboto||||||||&#8220; text_text_color=&#8220;rgba(255,255,255,0.85)&#8220; text_line_height=&#8220;1.5em&#8220; text_orientation=&#8220;right&#8220; module_alignment=&#8220;left&#8220; text_orientation_tablet=&#8220;&#8220; text_orientation_phone=&#8220;&#8220; text_orientation_last_edited=&#8220;on|desktop&#8220; global_colors_info=&#8220;{}&#8220;]<\/p>\n<p>Facharzt f\u00fcr Allgemeinmedizin<\/p>\n<p>[\/et_pb_text][et_pb_text content_phone=&#8220;<\/p>\n<p style=%22text-align: center;%22>Julia St\u00fcrmer<\/p>\n<p>&#8220; content_last_edited=&#8220;off|desktop&#8220; _builder_version=&#8220;4.19.4&#8243; _module_preset=&#8220;default&#8220; text_font=&#8220;Roboto|700|||||||&#8220; text_text_color=&#8220;#FFFFFF&#8220; text_font_size=&#8220;16px&#8220; header_font=&#8220;Roboto|700|||||||&#8220; header_text_color=&#8220;#6ea4ca&#8220; header_font_size=&#8220;60px&#8220; header_line_height=&#8220;1.2em&#8220; text_orientation=&#8220;right&#8220; module_alignment=&#8220;right&#8220; custom_margin=&#8220;||5px||false|false&#8220; custom_padding=&#8220;||0px|||&#8220; text_orientation_tablet=&#8220;right&#8220; text_orientation_phone=&#8220;right&#8220; text_orientation_last_edited=&#8220;on|tablet&#8220; global_colors_info=&#8220;{}&#8220;]<\/p>\n<p>Julia St\u00fcrmer<\/p>\n<p>[\/et_pb_text][et_pb_text content_phone=&#8220;<\/p>\n<p style=%22text-align: center;%22>Fach\u00e4rztin f\u00fcr Allgemeinmedizin<\/p>\n<p>&#8220; content_last_edited=&#8220;off|tablet&#8220; _builder_version=&#8220;4.19.4&#8243; _module_preset=&#8220;default&#8220; text_font=&#8220;Roboto||||||||&#8220; text_text_color=&#8220;rgba(255,255,255,0.85)&#8220; text_line_height=&#8220;1.5em&#8220; text_orientation=&#8220;right&#8220; module_alignment=&#8220;left&#8220; text_orientation_tablet=&#8220;right&#8220; text_orientation_phone=&#8220;right&#8220; text_orientation_last_edited=&#8220;on|tablet&#8220; global_colors_info=&#8220;{}&#8220;]<\/p>\n<p>Fach\u00e4rztin f\u00fcr Allgemeinmedizin<\/p>\n<p>[\/et_pb_text][et_pb_text _builder_version=&#8220;4.21.0&#8243; _module_preset=&#8220;default&#8220; text_font=&#8220;Roboto|700|||||||&#8220; text_text_color=&#8220;#FFFFFF&#8220; text_font_size=&#8220;16px&#8220; header_font=&#8220;Roboto|700|||||||&#8220; header_text_color=&#8220;#6ea4ca&#8220; header_font_size=&#8220;60px&#8220; header_line_height=&#8220;1.2em&#8220; text_orientation=&#8220;right&#8220; module_alignment=&#8220;right&#8220; custom_margin=&#8220;||5px||false|false&#8220; custom_padding=&#8220;||0px|||&#8220; text_orientation_tablet=&#8220;right&#8220; text_orientation_phone=&#8220;right&#8220; text_orientation_last_edited=&#8220;on|tablet&#8220; global_colors_info=&#8220;{}&#8220;]<\/p>\n<p style=\"text-align: right;\">Meike Hinzkowski<\/p>\n<p>[\/et_pb_text][et_pb_text _builder_version=&#8220;4.21.0&#8243; _module_preset=&#8220;default&#8220; text_font=&#8220;Roboto||||||||&#8220; text_text_color=&#8220;rgba(255,255,255,0.85)&#8220; text_line_height=&#8220;1.5em&#8220; text_orientation=&#8220;right&#8220; module_alignment=&#8220;left&#8220; text_orientation_tablet=&#8220;right&#8220; text_orientation_phone=&#8220;right&#8220; text_orientation_last_edited=&#8220;on|tablet&#8220; global_colors_info=&#8220;{}&#8220;]<\/p>\n<p>Fach\u00e4rztin f\u00fcr Allgemeinmedizin<\/p>\n<p>[\/et_pb_text][\/et_pb_column][et_pb_column type=&#8220;1_2&#8243; _builder_version=&#8220;4.19.4&#8243; _module_preset=&#8220;default&#8220; custom_padding_tablet=&#8220;|||20px|false|false&#8220; custom_padding_phone=&#8220;|||10px|false|false&#8220; custom_padding_last_edited=&#8220;on|tablet&#8220; global_colors_info=&#8220;{}&#8220;][et_pb_text content_phone=&#8220;<\/p>\n<p style=%22text-align: center;%22><b>Irina Gaibova<\/b><\/p>\n<p>&#8220; content_last_edited=&#8220;off|desktop&#8220; _builder_version=&#8220;4.27.0&#8243; _module_preset=&#8220;default&#8220; text_font=&#8220;Roboto|700|||||||&#8220; text_text_color=&#8220;#FFFFFF&#8220; text_font_size=&#8220;16px&#8220; header_font=&#8220;Roboto|700|||||||&#8220; header_text_color=&#8220;#6ea4ca&#8220; header_font_size=&#8220;60px&#8220; header_line_height=&#8220;1.2em&#8220; module_alignment=&#8220;left&#8220; custom_margin=&#8220;||5px||false|false&#8220; text_orientation_tablet=&#8220;left&#8220; text_orientation_phone=&#8220;&#8220; text_orientation_last_edited=&#8220;on|phone&#8220; global_colors_info=&#8220;{}&#8220;]<\/p>\n<p>Irina Westhoff<\/p>\n<p>[\/et_pb_text][et_pb_text content_phone=&#8220;<\/p>\n<p style=%22text-align: center;%22><span><span class=%22Apple-converted-space%22><\/span><\/span>Fach\u00e4rztin f\u00fcr Innere Medizin<br \/>Haus\u00e4rztliche Versorgung<\/p>\n<p>&#8220; content_last_edited=&#8220;off|phone&#8220; _builder_version=&#8220;4.19.4&#8243; _module_preset=&#8220;default&#8220; text_font=&#8220;Roboto||||||||&#8220; text_text_color=&#8220;rgba(255,255,255,0.85)&#8220; text_line_height=&#8220;1.5em&#8220; module_alignment=&#8220;left&#8220; text_orientation_tablet=&#8220;left&#8220; text_orientation_phone=&#8220;left&#8220; text_orientation_last_edited=&#8220;on|tablet&#8220; global_colors_info=&#8220;{}&#8220;]<\/p>\n<p>Fach\u00e4rztin f\u00fcr Innere Medizin<br \/>Haus\u00e4rztliche Versorgung<\/p>\n<p>[\/et_pb_text][et_pb_text _builder_version=&#8220;4.21.0&#8243; _module_preset=&#8220;default&#8220; text_font=&#8220;Roboto|700|||||||&#8220; text_text_color=&#8220;#FFFFFF&#8220; text_font_size=&#8220;16px&#8220; header_font=&#8220;Roboto|700|||||||&#8220; header_text_color=&#8220;#6ea4ca&#8220; header_font_size=&#8220;60px&#8220; header_line_height=&#8220;1.2em&#8220; module_alignment=&#8220;left&#8220; custom_margin=&#8220;||5px||false|false&#8220; text_orientation_tablet=&#8220;left&#8220; text_orientation_phone=&#8220;&#8220; text_orientation_last_edited=&#8220;on|phone&#8220; global_colors_info=&#8220;{}&#8220;]<\/p>\n<p>Dr. med. Ariane Holland<\/p>\n<p>[\/et_pb_text][et_pb_text _builder_version=&#8220;4.21.0&#8243; _module_preset=&#8220;default&#8220; text_font=&#8220;Roboto||||||||&#8220; text_text_color=&#8220;rgba(255,255,255,0.85)&#8220; text_line_height=&#8220;1.5em&#8220; module_alignment=&#8220;left&#8220; text_orientation_tablet=&#8220;left&#8220; text_orientation_phone=&#8220;left&#8220; text_orientation_last_edited=&#8220;on|tablet&#8220; global_colors_info=&#8220;{}&#8220;]<\/p>\n<p>Fach\u00e4rztin f\u00fcr Allgemeinmedizin<\/p>\n<p>[\/et_pb_text][\/et_pb_column][\/et_pb_row][et_pb_row _builder_version=&#8220;4.19.4&#8243; _module_preset=&#8220;default&#8220; global_colors_info=&#8220;{}&#8220;][et_pb_column type=&#8220;4_4&#8243; _builder_version=&#8220;4.19.4&#8243; _module_preset=&#8220;default&#8220; global_colors_info=&#8220;{}&#8220;][et_pb_divider color=&#8220;rgba(255,255,255,0.25)&#8220; divider_position=&#8220;center&#8220; divider_weight=&#8220;3px&#8220; _builder_version=&#8220;4.19.4&#8243; _module_preset=&#8220;default&#8220; global_colors_info=&#8220;{}&#8220;][\/et_pb_divider][\/et_pb_column][\/et_pb_row][et_pb_row _builder_version=&#8220;4.19.4&#8243; _module_preset=&#8220;default&#8220; global_colors_info=&#8220;{}&#8220;][et_pb_column type=&#8220;4_4&#8243; _builder_version=&#8220;4.19.4&#8243; _module_preset=&#8220;default&#8220; global_colors_info=&#8220;{}&#8220;][et_pb_text _builder_version=&#8220;4.19.4&#8243; _module_preset=&#8220;default&#8220; text_font=&#8220;Roboto|700|||||||&#8220; text_text_color=&#8220;#FFFFFF&#8220; text_font_size=&#8220;24px&#8220; header_font=&#8220;Roboto|700|||||||&#8220; header_text_color=&#8220;#6ea4ca&#8220; header_font_size=&#8220;60px&#8220; header_line_height=&#8220;1.2em&#8220; text_orientation=&#8220;center&#8220; module_alignment=&#8220;center&#8220; custom_margin=&#8220;||10px||false|false&#8220; global_colors_info=&#8220;{}&#8220;]Sprechzeiten[\/et_pb_text][et_pb_text _builder_version=&#8220;4.19.4&#8243; _module_preset=&#8220;default&#8220; text_font=&#8220;Roboto||||||||&#8220; text_text_color=&#8220;#FFFFFF&#8220; text_font_size=&#8220;16px&#8220; text_line_height=&#8220;1.5em&#8220; text_orientation=&#8220;center&#8220; width=&#8220;85%&#8220; width_tablet=&#8220;85%&#8220; width_phone=&#8220;85%&#8220; width_last_edited=&#8220;on|tablet&#8220; max_width=&#8220;85%&#8220; module_alignment=&#8220;center&#8220; global_colors_info=&#8220;{}&#8220;]nach telefonischer Terminvereinbarung[\/et_pb_text][\/et_pb_column][\/et_pb_row][et_pb_row column_structure=&#8220;1_6,1_6,1_6,1_6,1_6,1_6&#8243; use_custom_gutter=&#8220;on&#8220; gutter_width=&#8220;1&#8243; module_class=&#8220;zweispalten&#8220; _builder_version=&#8220;4.19.4&#8243; _module_preset=&#8220;default&#8220; custom_padding=&#8220;0px||||false|false&#8220; global_colors_info=&#8220;{}&#8220;][et_pb_column type=&#8220;1_6&#8243; _builder_version=&#8220;4.19.4&#8243; _module_preset=&#8220;default&#8220; custom_padding_tablet=&#8220;|20px|10px||false|false&#8220; custom_padding_phone=&#8220;|10px|10px||false|false&#8220; custom_padding_last_edited=&#8220;on|phone&#8220; global_colors_info=&#8220;{}&#8220;][et_pb_text _builder_version=&#8220;4.19.4&#8243; _module_preset=&#8220;default&#8220; text_font=&#8220;Roboto|700|||||||&#8220; text_text_color=&#8220;#FFFFFF&#8220; text_font_size=&#8220;16px&#8220; header_font=&#8220;Roboto|700|||||||&#8220; header_text_color=&#8220;#6ea4ca&#8220; header_font_size=&#8220;60px&#8220; header_line_height=&#8220;1.2em&#8220; custom_margin=&#8220;||5px||false|false&#8220; text_orientation_tablet=&#8220;right&#8220; text_orientation_phone=&#8220;right&#8220; text_orientation_last_edited=&#8220;on|phone&#8220; global_colors_info=&#8220;{}&#8220;]<\/p>\n<p>Montag<\/p>\n<p>[\/et_pb_text][et_pb_text _builder_version=&#8220;4.19.4&#8243; _module_preset=&#8220;default&#8220; text_font=&#8220;Roboto||||||||&#8220; text_text_color=&#8220;rgba(255,255,255,0.85)&#8220; text_line_height=&#8220;1.5em&#8220; module_alignment=&#8220;left&#8220; text_orientation_tablet=&#8220;right&#8220; text_orientation_phone=&#8220;right&#8220; text_orientation_last_edited=&#8220;on|phone&#8220; global_colors_info=&#8220;{}&#8220;]<\/p>\n<p>08:00 \u2013 12:30 Uhr<br \/>15:00 \u2013 17:30 Uhr<\/p>\n<p>[\/et_pb_text][\/et_pb_column][et_pb_column type=&#8220;1_6&#8243; _builder_version=&#8220;4.19.4&#8243; _module_preset=&#8220;default&#8220; custom_padding_tablet=&#8220;|||20px|false|false&#8220; custom_padding_phone=&#8220;|||10px|false|false&#8220; custom_padding_last_edited=&#8220;on|phone&#8220; global_colors_info=&#8220;{}&#8220;][et_pb_text _builder_version=&#8220;4.19.4&#8243; _module_preset=&#8220;default&#8220; text_font=&#8220;Roboto|700|||||||&#8220; text_text_color=&#8220;#FFFFFF&#8220; text_font_size=&#8220;16px&#8220; header_font=&#8220;Roboto|700|||||||&#8220; header_text_color=&#8220;#6ea4ca&#8220; header_font_size=&#8220;60px&#8220; header_line_height=&#8220;1.2em&#8220; custom_margin=&#8220;||5px||false|false&#8220; global_colors_info=&#8220;{}&#8220;]<\/p>\n<p style=\"text-align: left;\">Dienstag<\/p>\n<p>[\/et_pb_text][et_pb_text _builder_version=&#8220;4.19.4&#8243; _module_preset=&#8220;default&#8220; text_font=&#8220;Roboto||||||||&#8220; text_text_color=&#8220;rgba(255,255,255,0.85)&#8220; text_line_height=&#8220;1.5em&#8220; module_alignment=&#8220;left&#8220; global_colors_info=&#8220;{}&#8220;]<\/p>\n<p style=\"text-align: left;\">08:00 \u2013 12:30 Uhr<span class=\"Apple-converted-space\"><br \/><\/span>15:00 \u2013 17:30 Uhr<\/p>\n<p>[\/et_pb_text][\/et_pb_column][et_pb_column type=&#8220;1_6&#8243; _builder_version=&#8220;4.19.4&#8243; _module_preset=&#8220;default&#8220; custom_padding_tablet=&#8220;|20px|||false|false&#8220; custom_padding_phone=&#8220;|10px|||false|false&#8220; custom_padding_last_edited=&#8220;on|phone&#8220; global_colors_info=&#8220;{}&#8220;][et_pb_text _builder_version=&#8220;4.19.4&#8243; _module_preset=&#8220;default&#8220; text_font=&#8220;Roboto|700|||||||&#8220; text_text_color=&#8220;#FFFFFF&#8220; text_font_size=&#8220;16px&#8220; header_font=&#8220;Roboto|700|||||||&#8220; header_text_color=&#8220;#6ea4ca&#8220; header_font_size=&#8220;60px&#8220; header_line_height=&#8220;1.2em&#8220; custom_margin=&#8220;||5px||false|false&#8220; text_orientation_tablet=&#8220;right&#8220; text_orientation_phone=&#8220;right&#8220; text_orientation_last_edited=&#8220;on|phone&#8220; global_colors_info=&#8220;{}&#8220;]Mittwoch[\/et_pb_text][et_pb_text _builder_version=&#8220;4.19.4&#8243; _module_preset=&#8220;default&#8220; text_font=&#8220;Roboto||||||||&#8220; text_text_color=&#8220;rgba(255,255,255,0.85)&#8220; text_line_height=&#8220;1.5em&#8220; module_alignment=&#8220;left&#8220; text_orientation_tablet=&#8220;right&#8220; text_orientation_phone=&#8220;right&#8220; text_orientation_last_edited=&#8220;on|phone&#8220; global_colors_info=&#8220;{}&#8220;]08:00 \u2013 12:30 Uhr[\/et_pb_text][\/et_pb_column][et_pb_column type=&#8220;1_6&#8243; _builder_version=&#8220;4.19.4&#8243; _module_preset=&#8220;default&#8220; custom_padding_tablet=&#8220;||10px|20px|false|false&#8220; custom_padding_phone=&#8220;||10px|10px|false|false&#8220; custom_padding_last_edited=&#8220;on|phone&#8220; global_colors_info=&#8220;{}&#8220;][et_pb_text _builder_version=&#8220;4.19.4&#8243; _module_preset=&#8220;default&#8220; text_font=&#8220;Roboto|700|||||||&#8220; text_text_color=&#8220;#FFFFFF&#8220; text_font_size=&#8220;16px&#8220; header_font=&#8220;Roboto|700|||||||&#8220; header_text_color=&#8220;#6ea4ca&#8220; header_font_size=&#8220;60px&#8220; header_line_height=&#8220;1.2em&#8220; custom_margin=&#8220;||5px||false|false&#8220; global_colors_info=&#8220;{}&#8220;]<\/p>\n<p style=\"text-align: left;\">Donnerstag<\/p>\n<p>[\/et_pb_text][et_pb_text _builder_version=&#8220;4.19.4&#8243; _module_preset=&#8220;default&#8220; text_font=&#8220;Roboto||||||||&#8220; text_text_color=&#8220;rgba(255,255,255,0.85)&#8220; text_line_height=&#8220;1.5em&#8220; module_alignment=&#8220;left&#8220; global_colors_info=&#8220;{}&#8220;]<\/p>\n<p>08:00 \u2013 12:30 Uhr<span class=\"Apple-converted-space\"><br \/><\/span>15:00 \u2013 19:00 Uhr<\/p>\n<p>[\/et_pb_text][\/et_pb_column][et_pb_column type=&#8220;1_6&#8243; _builder_version=&#8220;4.19.4&#8243; _module_preset=&#8220;default&#8220; custom_padding_tablet=&#8220;|20px|||false|false&#8220; custom_padding_phone=&#8220;|10px|||false|false&#8220; custom_padding_last_edited=&#8220;on|phone&#8220; global_colors_info=&#8220;{}&#8220;][et_pb_text _builder_version=&#8220;4.19.4&#8243; _module_preset=&#8220;default&#8220; text_font=&#8220;Roboto|700|||||||&#8220; text_text_color=&#8220;#FFFFFF&#8220; text_font_size=&#8220;16px&#8220; header_font=&#8220;Roboto|700|||||||&#8220; header_text_color=&#8220;#6ea4ca&#8220; header_font_size=&#8220;60px&#8220; header_line_height=&#8220;1.2em&#8220; custom_margin=&#8220;||5px||false|false&#8220; text_orientation_tablet=&#8220;right&#8220; text_orientation_phone=&#8220;right&#8220; text_orientation_last_edited=&#8220;on|phone&#8220; global_colors_info=&#8220;{}&#8220;]Freitag[\/et_pb_text][et_pb_text _builder_version=&#8220;4.19.4&#8243; _module_preset=&#8220;default&#8220; text_font=&#8220;Roboto||||||||&#8220; text_text_color=&#8220;rgba(255,255,255,0.85)&#8220; text_line_height=&#8220;1.5em&#8220; module_alignment=&#8220;left&#8220; text_orientation_tablet=&#8220;right&#8220; text_orientation_phone=&#8220;right&#8220; text_orientation_last_edited=&#8220;on|phone&#8220; global_colors_info=&#8220;{}&#8220;]08:00 \u2013 13:00 Uhr[\/et_pb_text][\/et_pb_column][et_pb_column type=&#8220;1_6&#8243; _builder_version=&#8220;4.19.4&#8243; _module_preset=&#8220;default&#8220; custom_padding_tablet=&#8220;|||20px|false|false&#8220; custom_padding_phone=&#8220;|||10px|false|false&#8220; custom_padding_last_edited=&#8220;on|phone&#8220; global_colors_info=&#8220;{}&#8220;][et_pb_text _builder_version=&#8220;4.19.4&#8243; _module_preset=&#8220;default&#8220; text_font=&#8220;Roboto|700|||||||&#8220; text_text_color=&#8220;#FFFFFF&#8220; text_font_size=&#8220;16px&#8220; header_font=&#8220;Roboto|700|||||||&#8220; header_text_color=&#8220;#6ea4ca&#8220; header_font_size=&#8220;60px&#8220; header_line_height=&#8220;1.2em&#8220; custom_margin=&#8220;||5px||false|false&#8220; global_colors_info=&#8220;{}&#8220;]<\/p>\n<p style=\"text-align: left;\">Samstag<\/p>\n<p>[\/et_pb_text][et_pb_text _builder_version=&#8220;4.19.4&#8243; _module_preset=&#8220;default&#8220; text_font=&#8220;Roboto||||||||&#8220; text_text_color=&#8220;rgba(255,255,255,0.85)&#8220; text_line_height=&#8220;1.5em&#8220; module_alignment=&#8220;left&#8220; global_colors_info=&#8220;{}&#8220;]<\/p>\n<p>Notfall-Sprechstunde<br \/>(nur f\u00fcr einbestellte Patient:innen)<span class=\"Apple-converted-space\">\u00a0<\/span><\/p>\n<p>[\/et_pb_text][\/et_pb_column][\/et_pb_row][et_pb_row _builder_version=&#8220;4.19.4&#8243; _module_preset=&#8220;default&#8220; global_colors_info=&#8220;{}&#8220;][et_pb_column type=&#8220;4_4&#8243; _builder_version=&#8220;4.19.4&#8243; _module_preset=&#8220;default&#8220; global_colors_info=&#8220;{}&#8220;][et_pb_divider color=&#8220;rgba(255,255,255,0.25)&#8220; divider_position=&#8220;center&#8220; divider_weight=&#8220;3px&#8220; _builder_version=&#8220;4.19.4&#8243; _module_preset=&#8220;default&#8220; global_colors_info=&#8220;{}&#8220;][\/et_pb_divider][\/et_pb_column][\/et_pb_row][et_pb_row _builder_version=&#8220;4.21.0&#8243; _module_preset=&#8220;default&#8220; global_colors_info=&#8220;{}&#8220;][et_pb_column type=&#8220;4_4&#8243; _builder_version=&#8220;4.21.0&#8243; _module_preset=&#8220;default&#8220; global_colors_info=&#8220;{}&#8220;][et_pb_text content_phone=&#8220;<\/p>\n<p style=%22text-align: center;%22>Facharzt f\u00fcr Allgemeinmedizin<br \/>Flieger\u00e4rztliche Untersuchungsstelle AME<\/p>\n<p>&#8220; content_last_edited=&#8220;off|desktop&#8220; _builder_version=&#8220;4.27.3&#8243; _module_preset=&#8220;default&#8220; text_font=&#8220;Roboto||||||||&#8220; text_text_color=&#8220;rgba(255,255,255,0.85)&#8220; text_line_height=&#8220;1.5em&#8220; link_font=&#8220;Roboto||||||||&#8220; link_text_color=&#8220;#FFFFFF&#8220; text_orientation=&#8220;center&#8220; module_alignment=&#8220;center&#8220; global_colors_info=&#8220;{}&#8220;]<\/p>\n<p style=\"text-align: center;\"><a href=\"https:\/\/www.allgemeinarztpraxis.de\/index.php\/impressum\/\">Impressum<\/a> \u00a0| \u00a0<a href=\"https:\/\/www.allgemeinarztpraxis.de\/index.php\/datenschutz\/\">Datenschutz<\/a><\/p>\n<p>[\/et_pb_text][\/et_pb_column][\/et_pb_row][\/et_pb_section]<\/p>\n","protected":false},"excerpt":{"rendered":"<p>Allgemeinmedizin \u2013 Ein umfassendes Fundament f\u00fcr die GesundheitAls Facharztteam im Bereich Allgemeinmedizin und Innere Medizin sind wir Ihre ersten Ansprech\u00adpartner:innen bei Fragen rund um Ihre Gesundheit und Erkrankungen. Mit unserem breiten Leistungs\u00adspektrum sind wir da, um ihre medizinische Grund\u00adversorgung zu gew\u00e4hrleisten \u2013 ob bei k\u00f6rperlichen oder seelischen Beschwerden, in der Notfall-, Akut- oder Langzeit\u00adversorgung sowie [&hellip;]<\/p>\n","protected":false},"author":2,"featured_media":0,"parent":0,"menu_order":0,"comment_status":"closed","ping_status":"closed","template":"","meta":{"_et_pb_use_builder":"on","_et_pb_old_content":"","_et_gb_content_width":"","footnotes":""},"class_list":["post-848","page","type-page","status-publish","hentry"],"_links":{"self":[{"href":"https:\/\/www.allgemeinarztpraxis.de\/index.php\/wp-json\/wp\/v2\/pages\/848","targetHints":{"allow":["GET"]}}],"collection":[{"href":"https:\/\/www.allgemeinarztpraxis.de\/index.php\/wp-json\/wp\/v2\/pages"}],"about":[{"href":"https:\/\/www.allgemeinarztpraxis.de\/index.php\/wp-json\/wp\/v2\/types\/page"}],"author":[{"embeddable":true,"href":"https:\/\/www.allgemeinarztpraxis.de\/index.php\/wp-json\/wp\/v2\/users\/2"}],"replies":[{"embeddable":true,"href":"https:\/\/www.allgemeinarztpraxis.de\/index.php\/wp-json\/wp\/v2\/comments?post=848"}],"version-history":[{"count":25,"href":"https:\/\/www.allgemeinarztpraxis.de\/index.php\/wp-json\/wp\/v2\/pages\/848\/revisions"}],"predecessor-version":[{"id":1287,"href":"https:\/\/www.allgemeinarztpraxis.de\/index.php\/wp-json\/wp\/v2\/pages\/848\/revisions\/1287"}],"wp:attachment":[{"href":"https:\/\/www.allgemeinarztpraxis.de\/index.php\/wp-json\/wp\/v2\/media?parent=848"}],"curies":[{"name":"wp","href":"https:\/\/api.w.org\/{rel}","templated":true}]}}